{"id":2790,"date":"2015-01-15T13:39:07","date_gmt":"2015-01-15T12:39:07","guid":{"rendered":"http:\/\/www.sgmeschede-nord.de\/wpress\/?page_id=2790"},"modified":"2023-06-27T21:05:36","modified_gmt":"2023-06-27T19:05:36","slug":"home","status":"publish","type":"page","link":"https:\/\/www.sgmeschede-nord.de\/wpress\/","title":{"rendered":"Home"},"content":{"rendered":"<div id=\"pl-gb2790-69f19b867058d\"  class=\"panel-layout\" ><div id=\"pg-gb2790-69f19b867058d-0\"  class=\"panel-grid panel-no-style\" ><div id=\"pgc-gb2790-69f19b867058d-0-0\"  class=\"panel-grid-cell\" ><div id=\"panel-gb2790-69f19b867058d-0-0-0\" class=\"so-panel widget widget_text panel-first-child panel-last-child\" data-index=\"0\" >\t\t\t<div class=\"textwidget\"><p>Lieber Sch\u00fctzenbruder,<\/p>\n<p>hiermit lade ich Dich zur ordentlichen Generalversammlung gem\u00e4\u00df der Satzung der Sch\u00fctzengemeinschaft Meschede-Nord e.V. ein. Sie findet statt am<\/p>\n<p><strong>Samstag, den 28.01. 2023 ab 19.30 Uhr im Vereinshaus an der <\/strong><br \/>\n<strong>Von-Westphalen-Stra\u00dfe 42 in Meschede.<\/strong><\/p>\n<p>Antr\u00e4ge zur Tagesordnung, \u00fcber die in der Generalversammlung beraten werden sollen, sind sp\u00e4testens bis zum 14.01.2023 schriftlich beim gesch\u00e4ftsf\u00fchrenden Vorstand einzureichen.<\/p>\n<\/div>\n\t\t<\/div><\/div><\/div><div id=\"pg-gb2790-69f19b867058d-1\"  class=\"panel-grid panel-no-style\" ><div id=\"pgc-gb2790-69f19b867058d-1-0\"  class=\"panel-grid-cell\" ><div id=\"panel-gb2790-69f19b867058d-1-0-0\" class=\"so-panel widget widget_text panel-first-child panel-last-child\" data-index=\"1\" >\t\t\t<div class=\"textwidget\"><p>Mit freundlichen Sch\u00fctzengru\u00df!<\/p>\n<p><strong>Michael Brieden<\/strong><br \/>\n<em>1. Vorsitzender<\/em><\/p>\n<\/div>\n\t\t<\/div><\/div><div id=\"pgc-gb2790-69f19b867058d-1-1\"  class=\"panel-grid-cell\" ><div id=\"panel-gb2790-69f19b867058d-1-1-0\" class=\"so-panel widget widget_sow-image panel-first-child panel-last-child\" data-index=\"2\" ><div\n\t\t\t\n\t\t\tclass=\"so-widget-sow-image so-widget-sow-image-default-8b5b6f678277-2790\"\n\t\t\t\n\t\t>\n<div class=\"sow-image-container\">\n\t\t<img \n\tsrc=\"https:\/\/www.sgmeschede-nord.de\/wpress\/wp-content\/uploads\/2021\/12\/michael-brieden-neujahrsgruss-2022-150x150.png\" width=\"150\" height=\"150\" srcset=\"https:\/\/www.sgmeschede-nord.de\/wpress\/wp-content\/uploads\/2021\/12\/michael-brieden-neujahrsgruss-2022-150x150.png 150w, https:\/\/www.sgmeschede-nord.de\/wpress\/wp-content\/uploads\/2021\/12\/michael-brieden-neujahrsgruss-2022-90x90.png 90w, https:\/\/www.sgmeschede-nord.de\/wpress\/wp-content\/uploads\/2021\/12\/michael-brieden-neujahrsgruss-2022-75x75.png 75w\" sizes=\"(max-width: 150px) 100vw, 150px\" alt=\"\" \t\tclass=\"so-widget-image\"\/>\n\t<\/div>\n\n<\/div><\/div><\/div><\/div><div id=\"pg-gb2790-69f19b867058d-2\"  class=\"panel-grid panel-no-style\" ><div id=\"pgc-gb2790-69f19b867058d-2-0\"  class=\"panel-grid-cell\" ><div id=\"panel-gb2790-69f19b867058d-2-0-0\" class=\"so-panel widget widget_sow-image panel-first-child panel-last-child\" data-index=\"3\" ><div\n\t\t\t\n\t\t\tclass=\"so-widget-sow-image so-widget-sow-image-default-8b5b6f678277-2790\"\n\t\t\t\n\t\t>\n<div class=\"sow-image-container\">\n\t\t<img \n\tsrc=\"https:\/\/www.sgmeschede-nord.de\/wpress\/wp-content\/uploads\/2022\/02\/slider-generalversammlung-2023.jpg\" width=\"880\" height=\"350\" srcset=\"https:\/\/www.sgmeschede-nord.de\/wpress\/wp-content\/uploads\/2022\/02\/slider-generalversammlung-2023.jpg 880w, https:\/\/www.sgmeschede-nord.de\/wpress\/wp-content\/uploads\/2022\/02\/slider-generalversammlung-2023-300x119.jpg 300w, https:\/\/www.sgmeschede-nord.de\/wpress\/wp-content\/uploads\/2022\/02\/slider-generalversammlung-2023-768x305.jpg 768w, https:\/\/www.sgmeschede-nord.de\/wpress\/wp-content\/uploads\/2022\/02\/slider-generalversammlung-2023-600x240.jpg 600w\" sizes=\"(max-width: 880px) 100vw, 880px\" alt=\"\" \t\tclass=\"so-widget-image\"\/>\n\t<\/div>\n\n<\/div><\/div><\/div><\/div><\/div>","protected":false},"excerpt":{"rendered":"<p>Lieber Sch\u00fctzenbruder, hiermit lade ich Dich zur ordentlichen Generalversammlung gem\u00e4\u00df der Satzung der Sch\u00fctzengemeinschaft Meschede-Nord e.V. ein. Sie findet statt am Samstag, den 28.01. 2023 ab 19.30 Uhr im Vereinshaus an der Von-Westphalen-Stra\u00dfe 42 in Meschede. Antr\u00e4ge zur Tagesordnung, \u00fcber die in der Generalversammlung beraten werden sollen, sind sp\u00e4testens bis zum 14.01.2023 schriftlich beim gesch\u00e4ftsf\u00fchrenden Vorstand einzureichen. Mit freundlichen Sch\u00fctzengru\u00df! [&#8230;]<\/p>\n","protected":false},"author":1,"featured_media":0,"parent":0,"menu_order":0,"comment_status":"closed","ping_status":"closed","template":"template-frontpage.php","meta":{"pgc_sgb_lightbox_settings":"","footnotes":""},"class_list":["post-2790","page","type-page","status-publish","hentry"],"_links":{"self":[{"href":"https:\/\/www.sgmeschede-nord.de\/wpress\/wp-json\/wp\/v2\/pages\/2790","targetHints":{"allow":["GET"]}}],"collection":[{"href":"https:\/\/www.sgmeschede-nord.de\/wpress\/wp-json\/wp\/v2\/pages"}],"about":[{"href":"https:\/\/www.sgmeschede-nord.de\/wpress\/wp-json\/wp\/v2\/types\/page"}],"author":[{"embeddable":true,"href":"https:\/\/www.sgmeschede-nord.de\/wpress\/wp-json\/wp\/v2\/users\/1"}],"replies":[{"embeddable":true,"href":"https:\/\/www.sgmeschede-nord.de\/wpress\/wp-json\/wp\/v2\/comments?post=2790"}],"version-history":[{"count":2,"href":"https:\/\/www.sgmeschede-nord.de\/wpress\/wp-json\/wp\/v2\/pages\/2790\/revisions"}],"predecessor-version":[{"id":9376,"href":"https:\/\/www.sgmeschede-nord.de\/wpress\/wp-json\/wp\/v2\/pages\/2790\/revisions\/9376"}],"wp:attachment":[{"href":"https:\/\/www.sgmeschede-nord.de\/wpress\/wp-json\/wp\/v2\/media?parent=2790"}],"curies":[{"name":"wp","href":"https:\/\/api.w.org\/{rel}","templated":true}]}}