{"id":4139,"date":"2016-06-28T13:04:39","date_gmt":"2016-06-28T11:04:39","guid":{"rendered":"http:\/\/www.sgmeschede-nord.de\/wpress\/?page_id=4139"},"modified":"2025-12-28T15:54:46","modified_gmt":"2025-12-28T14:54:46","slug":"schuetzengemeinschaft","status":"publish","type":"page","link":"https:\/\/www.sgmeschede-nord.de\/wpress\/schuetzengemeinschaft\/","title":{"rendered":"Gemeinschaft"},"content":{"rendered":"<div id=\"pl-4139\"  class=\"panel-layout\" ><div id=\"pg-4139-0\"  class=\"panel-grid panel-no-style\" ><div id=\"pgc-4139-0-0\"  class=\"panel-grid-cell\" ><div id=\"panel-4139-0-0-0\" class=\"so-panel widget widget_text panel-first-child\" data-index=\"0\" >\t\t\t<div class=\"textwidget\"><h4><strong><a href=\"http:\/\/www.sgmeschede-nord.de\/wpress\/?page_id=4079\">Der Vorstand<\/a><\/strong><\/h4>\n<a href=\"http:\/\/www.sgmeschede-nord.de\/wpress\/?page_id=4079\">Weitere Informationen >>> <\/a>\n\n<\/div>\n\t\t<\/div><div id=\"panel-4139-0-0-1\" class=\"so-panel widget widget_text panel-last-child\" data-index=\"1\" >\t\t\t<div class=\"textwidget\"><h4><strong><a href=\"http:\/\/www.sgmeschede-nord.de\/wpress\/?page_id=457\">Sportsch\u00fctzen<\/a><\/strong><\/h4>\n<font color=\"#000000\"><a href=\"http:\/\/www.sgmeschede-nord.de\/wpress\/?page_id=457\">Weitere Informationen >>> <\/a><\/font><\/div>\n\t\t<\/div><\/div><div id=\"pgc-4139-0-1\"  class=\"panel-grid-cell\" ><div id=\"panel-4139-0-1-0\" class=\"so-panel widget widget_text panel-first-child\" data-index=\"2\" >\t\t\t<div class=\"textwidget\"><h4><strong><a href=\"http:\/\/www.sgmeschede-nord.de\/wpress\/?page_id=392\">Zug 1<\/a><\/strong><\/h4>\n<a href=\"http:\/\/www.sgmeschede-nord.de\/wpress\/?page_id=392\">Weitere Informationen >>> <\/a><\/div>\n\t\t<\/div><div id=\"panel-4139-0-1-1\" class=\"so-panel widget widget_text panel-last-child\" data-index=\"3\" >\t\t\t<div class=\"textwidget\"><h4><strong><a href=\"http:\/\/www.sgmeschede-nord.de\/wpress\/?page_id=465\">Jugendabteilung<\/a><\/strong><\/h4>\n<a href=\"http:\/\/www.sgmeschede-nord.de\/wpress\/?page_id=465\">Weitere Informationen >>> <\/a><\/div>\n\t\t<\/div><\/div><div id=\"pgc-4139-0-2\"  class=\"panel-grid-cell\" ><div id=\"panel-4139-0-2-0\" class=\"so-panel widget widget_text panel-first-child\" data-index=\"4\" >\t\t\t<div class=\"textwidget\"><h4><strong><a href=\"http:\/\/www.sgmeschede-nord.de\/wpress\/?page_id=445\">Zug 2<\/a><\/strong><\/h4>\n<a href=\"http:\/\/www.sgmeschede-nord.de\/wpress\/?page_id=445\">Weitere Informationen >>> <\/a>\n<\/div>\n\t\t<\/div><div id=\"panel-4139-0-2-1\" class=\"so-panel widget widget_text panel-last-child\" data-index=\"5\" >\t\t\t<div class=\"textwidget\"><h4><strong><a href=\"http:\/\/www.sgmeschede-nord.de\/wpress\/?page_id=475\">Senioren<\/a><\/strong><\/h4>\n<a href=\"http:\/\/www.sgmeschede-nord.de\/wpress\/?page_id=475\">Weitere Informationen >>> <\/a><\/div>\n\t\t<\/div><\/div><div id=\"pgc-4139-0-3\"  class=\"panel-grid-cell\" ><div id=\"panel-4139-0-3-0\" class=\"so-panel widget widget_text panel-first-child panel-last-child\" data-index=\"6\" >\t\t\t<div class=\"textwidget\"><h4><strong><a href=\"http:\/\/www.sgmeschede-nord.de\/wpress\/?page_id=453\">Zug 3 <\/a><\/strong><\/h4>\n<a href=\"http:\/\/www.sgmeschede-nord.de\/wpress\/?page_id=453\">Weitere Informationen >>> <\/a><\/div>\n\t\t<\/div><\/div><\/div><div id=\"pg-4139-1\"  class=\"panel-grid panel-no-style\" ><div id=\"pgc-4139-1-0\"  class=\"panel-grid-cell\" ><div id=\"panel-4139-1-0-0\" class=\"so-panel widget widget_text panel-first-child panel-last-child\" data-index=\"7\" ><h3 class=\"widget-title\">Die K\u00f6nigstafel der Sch\u00fctzengemeinschaft Meschede-Nord e. V.<\/h3>\t\t\t<div class=\"textwidget\"><table style=\"height: 2318px;\" width=\"1038\">\n<tbody>\n<tr>\n<th>Jahr<\/th>\n<th>K\u00f6nigspaar<\/th>\n<th>Vizek\u00f6nigspaar<\/th>\n<\/tr>\n<tr>\n<td>2025<\/td>\n<td><a href=\"https:\/\/www.sgmeschede-nord.de\/wpress\/wp-content\/uploads\/2025\/12\/Daniel_und_Nina.jpg\" target=\"_blank\" rel=\"noopener\">Daniel und Nina Moldenhauer<\/a><\/td>\n<td><a href=\"https:\/\/www.sgmeschede-nord.de\/wpress\/wp-content\/uploads\/2025\/12\/Jan-Niklas_und_Sarah-scaled.jpg\" target=\"_blank\" rel=\"noopener\">Jan-Niklas Teutenberg mit Sarah Sommer<\/a><\/td>\n<\/tr>\n<tr>\n<td>2024<\/td>\n<td><a href=\"https:\/\/www.sgmeschede-nord.de\/wpress\/wp-content\/uploads\/2025\/12\/Markus_und_Anastasia-scaled.jpg\" target=\"_blank\" rel=\"noopener\">Markus und Anastasia Bakara<\/a><\/td>\n<td><a href=\"https:\/\/www.sgmeschede-nord.de\/wpress\/wp-content\/uploads\/2025\/12\/Florian_und_Rebecka-scaled.jpg\" target=\"_blank\" rel=\"noopener\">Florian und Rebecka Kuhne<\/a><\/td>\n<\/tr>\n<tr style=\"background-color: #f8f8f8;\">\n<td>2024<\/td>\n<td>Achter Kaiser: Markus Brieden<\/td>\n<td>&#8211;<\/td>\n<\/tr>\n<tr>\n<td>2023<\/td>\n<td><a href=\"https:\/\/www.sgmeschede-nord.de\/wpress\/wp-content\/uploads\/2024\/02\/Koenigspaar_2023-scaled.jpg\" target=\"_blank\" rel=\"noopener\">Dirk und Miriam Siepe<\/a><\/td>\n<td><a href=\"https:\/\/www.sgmeschede-nord.de\/wpress\/wp-content\/uploads\/2024\/02\/Vizepaar_2023-scaled.jpg\" target=\"_blank\" rel=\"noopener\">Yannick B\u00fchrmann mit Anna Lena Schulte<\/a><\/td>\n<\/tr>\n<tr>\n<td>2022<\/td>\n<td><a href=\"https:\/\/www.sgmeschede-nord.de\/wpress\/wp-content\/uploads\/2024\/01\/Markus_und_Anja.png\" target=\"_blank\" rel=\"noopener\">Markus und Anja Brieden<\/a><\/td>\n<td><a href=\"https:\/\/www.sgmeschede-nord.de\/wpress\/wp-content\/uploads\/2024\/01\/Niklas_und_Teresa.png\" target=\"_blank\" rel=\"noopener\">Niklas L\u00fctke W\u00f6stmann mit Teresa Viola<\/a><\/td>\n<\/tr>\n<tr>\n<td>2019 &#8211; 2021<\/td>\n<td><a href=\"http:\/\/www.sgmeschede-nord.de\/wpress\/wp-content\/uploads\/2019\/09\/schuetzenkoenig2019-christian-shari-butz.jpg\" target=\"_blank\" rel=\"noopener\">Christian und Shari Butz<\/a><\/td>\n<td><a href=\"http:\/\/www.sgmeschede-nord.de\/wpress\/wp-content\/uploads\/2019\/09\/vizekoenig2019-chris-hoffman.jpg\" target=\"_blank\" rel=\"noopener\">Chris Hoffmann mit Sophia Schauerte<\/a><\/td>\n<\/tr>\n<tr style=\"background-color: #f8f8f8;\">\n<td>2019<\/td>\n<td><a href=\"https:\/\/www.sgmeschede-nord.de\/wpress\/wp-content\/uploads\/2024\/01\/IMG_2993.png\" target=\"_blank\" rel=\"noopener\">Siebter Kaiser: Volker Goesmann<\/a><\/td>\n<td>&#8211;<\/td>\n<\/tr>\n<tr>\n<td>2018<\/td>\n<td><a href=\"http:\/\/www.sgmeschede-nord.de\/wpress\/wp-content\/uploads\/2018\/07\/IMG_4536.JPG\" target=\"_blank\" rel=\"noopener\">Reinhold Schmidt mit Michaela Pischeli<\/a><\/td>\n<td><a href=\"http:\/\/www.sgmeschede-nord.de\/wpress\/wp-content\/uploads\/2018\/07\/IMG_4534.JPG\" target=\"_blank\" rel=\"noopener\">Willi Marius Thiem mit Lina Kouleli<\/a><\/td>\n<\/tr>\n<tr>\n<td>2017<\/td>\n<td><a href=\"http:\/\/www.sgmeschede-nord.de\/wpress\/wp-content\/uploads\/2017\/07\/koenigstafel2017-koenig.jpg\" target=\"_blank\" rel=\"noopener\">Dennis Burmann mit Jenny Burmann<\/a><\/td>\n<td><a href=\"http:\/\/www.sgmeschede-nord.de\/wpress\/wp-content\/uploads\/2017\/07\/koenigstafel2017-vize.jpg\" target=\"_blank\" rel=\"noopener\">Timo Stracke mit Vanessa Kenter<\/a><\/td>\n<\/tr>\n<tr>\n<td>2016<\/td>\n<td><a href=\"http:\/\/www.sgmeschede-nord.de\/wpress\/wp-content\/uploads\/2016\/07\/IMG_1523.JPG\" target=\"_blank\" rel=\"noopener\">Ingo und Karina Hengesbach<\/a><\/td>\n<td><a href=\"http:\/\/www.sgmeschede-nord.de\/wpress\/wp-content\/uploads\/2016\/07\/IMG_1532.JPG\" target=\"_blank\" rel=\"noopener\">Nils Pauloweit mit Anna Lena Schulte<\/a><\/td>\n<\/tr>\n<tr>\n<td>2015<\/td>\n<td><a href=\"http:\/\/www.sgmeschede-nord.de\/wpress\/wp-content\/uploads\/2013\/02\/DSC03016.jpg\" target=\"_blank\" rel=\"noopener\">Wilhelm K\u00e4mmerling mit Ulrike Siepenk\u00f6tter<\/a><\/td>\n<td><a href=\"http:\/\/www.sgmeschede-nord.de\/wpress\/wp-content\/uploads\/2013\/02\/DSC03024.jpg\" target=\"_blank\" rel=\"noopener\">Marco Brieden mit Johanna G\u00f6dde<\/a><\/td>\n<\/tr>\n<tr>\n<td>2014<\/td>\n<td><a href=\"http:\/\/www.sgmeschede-nord.de\/wpress\/wp-content\/uploads\/2013\/02\/koenig20141.jpg\" target=\"_blank\" rel=\"noopener\">Michael Heinemann mit Inma Ortega<\/a><\/td>\n<td><a href=\"http:\/\/www.sgmeschede-nord.de\/wpress\/wp-content\/uploads\/2013\/02\/vizekoenig2014.jpg\" target=\"_blank\" rel=\"noopener\">Fabian Krick mit Madeleine Schulte<\/a><\/td>\n<\/tr>\n<tr style=\"background-color: #f8f8f8;\">\n<td>2014<\/td>\n<td><a href=\"http:\/\/www.sgmeschede-nord.de\/wpress\/wp-content\/uploads\/2013\/02\/kaiser2104.jpg\" target=\"_blank\" rel=\"noopener\">Sechster Kaiser: Karl-Heinz Gro\u00dfkurth<\/a><\/td>\n<td>&#8211;<\/td>\n<\/tr>\n<tr>\n<td>2013<\/td>\n<td><a href=\"http:\/\/www.sgmeschede-nord.de\/wpress\/wp-content\/uploads\/2014\/04\/koenig2013.jpg\" target=\"_blank\" rel=\"noopener\">Peter Schm\u00fclling mit Karin Konrad<\/a><\/td>\n<td><a href=\"http:\/\/www.sgmeschede-nord.de\/wpress\/wp-content\/uploads\/2013\/02\/vize2013_1.jpg\" target=\"_blank\" rel=\"noopener\">Philipp K\u00e4mmerling mit Vera Szinglober<\/a><\/td>\n<\/tr>\n<tr style=\"background-color: #f1f1f1;\">\n<td>2012<\/td>\n<td><a href=\"http:\/\/www.sgmeschede-nord.de\/wpress\/wp-content\/uploads\/2013\/07\/stadtschuetzenfest2012.jpg\" target=\"_blank\" rel=\"noopener\">Stadtsch\u00fctzenk\u00f6nig: Michael Klauke mit Sina Spancken<\/a><\/td>\n<td>&#8211;<\/td>\n<\/tr>\n<tr>\n<td>2012<\/td>\n<td><a href=\"http:\/\/www.sgmeschede-nord.de\/Koenige\/2012web.JPG\" target=\"_blank\" rel=\"noopener\">Michael Klauke mit Sina Spancken<\/a><\/td>\n<td><a href=\"https:\/\/www.sgmeschede-nord.de\/wpress\/wp-content\/uploads\/2025\/06\/Vizepaar_2012-scaled.jpg\" target=\"_blank\" rel=\"noopener\">Thilo und Raphaela Soldan<\/a><\/td>\n<\/tr>\n<tr>\n<td>2011<\/td>\n<td><a href=\"http:\/\/www.sgmeschede-nord.de\/Koenige\/2011web.JPG\" target=\"_blank\" rel=\"noopener\">Eberhard und Alexandra B\u00fchrmann<\/a><\/td>\n<td><a href=\"http:\/\/www.sgmeschede-nord.de\/Vizekoenige\/2011web.JPG\" target=\"_blank\" rel=\"noopener\">Kai Burmann mit Kathi B\u00fccker<\/a><\/td>\n<\/tr>\n<tr>\n<td>2010<\/td>\n<td><a href=\"http:\/\/www.sgmeschede-nord.de\/Koenige\/2010web.JPG\" target=\"_blank\" rel=\"noopener\">Frank und Clarissa Teutenberg<\/a><\/td>\n<td><a href=\"http:\/\/www.sgmeschede-nord.de\/Vizekoenige\/2010web.JPG\" target=\"_blank\" rel=\"noopener\">Thorsten Rotter mit Janine Lemli<\/a><\/td>\n<\/tr>\n<tr style=\"background-color: #f8f8f8;\">\n<td>2009<\/td>\n<td><a href=\"http:\/\/www.sgmeschede-nord.de\/Koenige\/2009_kaiserweb.JPG\" target=\"_blank\" rel=\"noopener\">F\u00fcnfter Kaiser: Reinhard Perk<\/a><\/td>\n<td>&#8211;<\/td>\n<\/tr>\n<tr>\n<td>2009<\/td>\n<td><a href=\"http:\/\/www.sgmeschede-nord.de\/Koenige\/2009web.JPG\" target=\"_blank\" rel=\"noopener\">Thomas und Katrin Heinemann<\/a><\/td>\n<td><a href=\"http:\/\/www.sgmeschede-nord.de\/Vizekoenige\/2009web.jpg\" target=\"_blank\" rel=\"noopener\">Raphael Rickes mit Christina Burmann<\/a><\/td>\n<\/tr>\n<tr>\n<td>2008<\/td>\n<td><a href=\"http:\/\/www.sgmeschede-nord.de\/Koenige\/2008web.JPG\" target=\"_blank\" rel=\"noopener\">Karl-Heinz und Sigrid Gro\u00dfkurth<\/a><\/td>\n<td><a href=\"http:\/\/www.sgmeschede-nord.de\/Vizekoenige\/2008web.JPG\" target=\"_blank\" rel=\"noopener\">Boris Friedel mit Carina B\u00fccker<\/a><\/td>\n<\/tr>\n<tr>\n<td>2007<\/td>\n<td><a href=\"http:\/\/www.sgmeschede-nord.de\/Koenige\/2007web.jpg\" target=\"_blank\" rel=\"noopener\">Timo Lampe mit Bianca K\u00e4mmerling<\/a><\/td>\n<td><a href=\"http:\/\/www.sgmeschede-nord.de\/Vizekoenige\/2007web.jpg\" target=\"_blank\" rel=\"noopener\">Dennis Burmann mit Agnes Styra<\/a><\/td>\n<\/tr>\n<tr>\n<td>2006<\/td>\n<td><a href=\"http:\/\/www.sgmeschede-nord.de\/Koenige\/2006web.jpg\" target=\"_blank\" rel=\"noopener\">Franz-Josef Krick mit B\u00e4rbel Schustereit<\/a><\/td>\n<td><a href=\"http:\/\/www.sgmeschede-nord.de\/Vizekoenige\/2006web.jpg\" target=\"_blank\" rel=\"noopener\">Sven Grothof mit Jessica Menzel<\/a><\/td>\n<\/tr>\n<tr>\n<td>2005<\/td>\n<td><a href=\"http:\/\/www.sgmeschede-nord.de\/Koenige\/2005web.jpg\" target=\"_blank\" rel=\"noopener\">Gottfried und Elvira Butz<\/a><\/td>\n<td><a href=\"http:\/\/www.sgmeschede-nord.de\/Vizekoenige\/2005web.jpg\" target=\"_blank\" rel=\"noopener\">Dirk Siepe mit Jennifer Tsoufius<\/a><\/td>\n<\/tr>\n<tr style=\"background-color: #f8f8f8;\">\n<td>2005<\/td>\n<td><a href=\"http:\/\/www.sgmeschede-nord.de\/Koenige\/2005Kaiserweb.JPG\" target=\"_blank\" rel=\"noopener\">Vierter Kaiser: Johannes Vogel<\/a><\/td>\n<td>&#8211;<\/td>\n<\/tr>\n<tr>\n<td>2004<\/td>\n<td><a href=\"http:\/\/www.sgmeschede-nord.de\/Koenige\/2004web.jpg\" target=\"_blank\" rel=\"noopener\">Mario Levermann mit Nina Arnhold<\/a><\/td>\n<td><a href=\"http:\/\/www.sgmeschede-nord.de\/Vizekoenige\/2004web.jpg\" target=\"_blank\" rel=\"noopener\">Christian Butz mit Shari Fritsche<\/a><\/td>\n<\/tr>\n<tr style=\"background-color: #f1f1f1;\">\n<td>2003<\/td>\n<td>Stadtsch\u00fctzenk\u00f6nig: Volker und Alexa Goesmann<\/td>\n<td>&#8211;<\/td>\n<\/tr>\n<tr>\n<td>2003<\/td>\n<td><a href=\"http:\/\/www.sgmeschede-nord.de\/Koenige\/2003web.jpg\" target=\"_blank\" rel=\"noopener\">Volker und Alexa Goesmann<\/a><\/td>\n<td><a href=\"http:\/\/www.sgmeschede-nord.de\/Vizekoenige\/2003web.jpg\" target=\"_blank\" rel=\"noopener\">Daniel Klauke mit Daniela Boldt (\u2020)<\/a><\/td>\n<\/tr>\n<tr>\n<td>2002<\/td>\n<td><a href=\"http:\/\/www.sgmeschede-nord.de\/Koenige\/2002web.jpg\" target=\"_blank\" rel=\"noopener\">Peter und Claudia Kahlert<\/a><\/td>\n<td><a href=\"http:\/\/www.sgmeschede-nord.de\/Vizekoenige\/2002web.jpg\" target=\"_blank\" rel=\"noopener\">Sven Kramer mit Maren Schlinkert<\/a><\/td>\n<\/tr>\n<tr>\n<td>2001<\/td>\n<td><a href=\"http:\/\/www.sgmeschede-nord.de\/Koenige\/2001web.jpg\" target=\"_blank\" rel=\"noopener\">Johannes Vogel mit Elisabeth Lange<\/a><\/td>\n<td><a href=\"http:\/\/www.sgmeschede-nord.de\/Vizekoenige\/2001web.jpg\" target=\"_blank\" rel=\"noopener\">Uwe Hennecke mit Katja Adams<\/a><\/td>\n<\/tr>\n<tr>\n<td>2000<\/td>\n<td><a href=\"http:\/\/www.sgmeschede-nord.de\/Koenige\/2000web.jpg\" target=\"_blank\" rel=\"noopener\">Siegfried und Doris Lumme<\/a><\/td>\n<td><a href=\"http:\/\/www.sgmeschede-nord.de\/Vizekoenige\/2000web.jpg\" target=\"_blank\" rel=\"noopener\">Achim St\u00f6cker mit Helena Kersting<\/a><\/td>\n<\/tr>\n<tr style=\"background-color: #f8f8f8;\">\n<td>1999<\/td>\n<td><a href=\"http:\/\/www.sgmeschede-nord.de\/Koenige\/1999Kaiserweb.jpg\" target=\"_blank\" rel=\"noopener\">Dritter Kaiser: Manfred Burmann<\/a><\/td>\n<td>&#8211;<\/td>\n<\/tr>\n<tr>\n<td>1999<\/td>\n<td><a href=\"http:\/\/www.sgmeschede-nord.de\/Koenige\/1999web.jpg\" target=\"_blank\" rel=\"noopener\">Reinhard Perk mit Monika Giese<\/a><\/td>\n<td><a href=\"http:\/\/www.sgmeschede-nord.de\/Vizekoenige\/1999web.jpg\" target=\"_blank\" rel=\"noopener\">Thorsten Stappert mit Christiane Rotter<\/a><\/td>\n<\/tr>\n<tr>\n<td>1998<\/td>\n<td><a href=\"http:\/\/www.sgmeschede-nord.de\/Koenige\/1998web.jpg\" target=\"_blank\" rel=\"noopener\">Ernst M\u00f6ser (\u2020) mit Gerda Leitner<\/a><\/td>\n<td><a href=\"http:\/\/www.sgmeschede-nord.de\/Vizekoenige\/1998web.jpg\" target=\"_blank\" rel=\"noopener\">Mark und Sabine Dessel<\/a><\/td>\n<\/tr>\n<tr>\n<td>1997<\/td>\n<td><a href=\"http:\/\/www.sgmeschede-nord.de\/Koenige\/1997web.jpg\" target=\"_blank\" rel=\"noopener\">Manfred und Angelika Burmann<\/a><\/td>\n<td><a href=\"http:\/\/www.sgmeschede-nord.de\/Vizekoenige\/1997web.jpg\" target=\"_blank\" rel=\"noopener\">Ingo Hengesbach mit Karina Fischer<\/a><\/td>\n<\/tr>\n<tr>\n<td>1996<\/td>\n<td><a href=\"http:\/\/www.sgmeschede-nord.de\/Koenige\/1996web.jpg\" target=\"_blank\" rel=\"noopener\">Werner und Gabi Hoffmann<\/a><\/td>\n<td><a href=\"http:\/\/www.sgmeschede-nord.de\/Vizekoenige\/1996web.jpg\" target=\"_blank\" rel=\"noopener\">Robert Weigand mit Karin Kommo\u00df<\/a><\/td>\n<\/tr>\n<tr>\n<td>1995<\/td>\n<td><a href=\"http:\/\/www.sgmeschede-nord.de\/Koenige\/1995web.jpg\" target=\"_blank\" rel=\"noopener\">J\u00fcrgen S\u00fcggeler mit Silke Lankamp<\/a><\/td>\n<td><a href=\"http:\/\/www.sgmeschede-nord.de\/Vizekoenige\/1995web.jpg\" target=\"_blank\" rel=\"noopener\">Ralph und Andrea Bischoff<\/a><\/td>\n<\/tr>\n<tr>\n<td>1994<\/td>\n<td><a href=\"http:\/\/www.sgmeschede-nord.de\/Koenige\/1994web.jpg\" target=\"_blank\" rel=\"noopener\">Herbert und Sigrid Knappstein<\/a><\/td>\n<td><a href=\"http:\/\/www.sgmeschede-nord.de\/Vizekoenige\/1994web.jpg\" target=\"_blank\" rel=\"noopener\">Norbert und Heidi Jagemann<\/a><\/td>\n<\/tr>\n<tr>\n<td>1993<\/td>\n<td><a href=\"http:\/\/www.sgmeschede-nord.de\/Koenige\/1993web.jpg\" target=\"_blank\" rel=\"noopener\">Josef und Doris Steinert<\/a><\/td>\n<td><a href=\"http:\/\/www.sgmeschede-nord.de\/Vizekoenige\/1993web.jpg\" target=\"_blank\" rel=\"noopener\">Reinhard und Heike Vollmer<\/a><\/td>\n<\/tr>\n<tr>\n<td>1992<\/td>\n<td><a href=\"http:\/\/www.sgmeschede-nord.de\/Koenige\/1992web.jpg\" target=\"_blank\" rel=\"noopener\">Peter und Mechthild Bekmanis<\/a><\/td>\n<td><a href=\"http:\/\/www.sgmeschede-nord.de\/Vizekoenige\/1992web.jpg\" target=\"_blank\" rel=\"noopener\">Werner Hoffmann mit Gabi Krick<\/a><\/td>\n<\/tr>\n<tr>\n<td>1991<\/td>\n<td><a href=\"http:\/\/www.sgmeschede-nord.de\/Koenige\/1991web.jpg\" target=\"_blank\" rel=\"noopener\">Franz (\u2020) und Andrea Krick<\/a><\/td>\n<td><a href=\"http:\/\/www.sgmeschede-nord.de\/Vizekoenige\/1991web.jpg\" target=\"_blank\" rel=\"noopener\">Michael Setz mit Claudia S\u00fcggeler<\/a><\/td>\n<\/tr>\n<tr>\n<td>1990<\/td>\n<td><a href=\"http:\/\/www.sgmeschede-nord.de\/Koenige\/1990web.jpg\" target=\"_blank\" rel=\"noopener\">Josef und Annette (\u2020) K\u00f6ster<\/a><\/td>\n<td><a href=\"http:\/\/www.sgmeschede-nord.de\/Vizekoenige\/1990web.jpg\" target=\"_blank\" rel=\"noopener\">Andreas Bischoff mit Delia Batzceck<\/a><\/td>\n<\/tr>\n<tr style=\"background-color: #f8f8f8;\">\n<td>1989<\/td>\n<td><a href=\"http:\/\/www.sgmeschede-nord.de\/Koenige\/1989Kaiserweb.jpg\" target=\"_blank\" rel=\"noopener\">Zweiter Kaiser: Georg Sprenger (\u2020)<\/a><\/td>\n<td>&#8211;<\/td>\n<\/tr>\n<tr>\n<td>1989<\/td>\n<td><a href=\"http:\/\/www.sgmeschede-nord.de\/Koenige\/1989web.jpg\" target=\"_blank\" rel=\"noopener\">G\u00fcnter und Angelika Plugge<\/a><\/td>\n<td><a href=\"http:\/\/www.sgmeschede-nord.de\/Vizekoenige\/1989web.jpg\" target=\"_blank\" rel=\"noopener\">Reinhard Perk mit Andrea Kirchner<\/a><\/td>\n<\/tr>\n<tr>\n<td>1988<\/td>\n<td><a href=\"http:\/\/www.sgmeschede-nord.de\/Koenige\/1988web.jpg\" target=\"_blank\" rel=\"noopener\">Willi (\u2020) und Ruth Porwol<\/a><\/td>\n<td><a href=\"http:\/\/www.sgmeschede-nord.de\/Vizekoenige\/1988web.jpg\" target=\"_blank\" rel=\"noopener\">Hans (\u2020) und Gisela Chudziak<\/a><\/td>\n<\/tr>\n<tr>\n<td>1987<\/td>\n<td><a href=\"http:\/\/www.sgmeschede-nord.de\/Koenige\/1987web.jpg\" target=\"_blank\" rel=\"noopener\">Horst (\u2020) und Hildegard (\u2020) Kullawy<\/a><\/td>\n<td><a href=\"http:\/\/www.sgmeschede-nord.de\/Vizekoenige\/1987web.jpg\" target=\"_blank\" rel=\"noopener\">Peter und Mechthild Bekmanis<\/a><\/td>\n<\/tr>\n<tr>\n<td>1986<\/td>\n<td><a href=\"http:\/\/www.sgmeschede-nord.de\/Koenige\/1986web.jpg\" target=\"_blank\" rel=\"noopener\">Anton (\u2020) und Ursula (\u2020) Plugge<\/a><\/td>\n<td><a href=\"http:\/\/www.sgmeschede-nord.de\/Vizekoenige\/1986web.jpg\" target=\"_blank\" rel=\"noopener\">Josef B\u00fccker (\u2020) mit Susanne Matthiesen<\/a><\/td>\n<\/tr>\n<tr>\n<td>1985<\/td>\n<td><a href=\"http:\/\/www.sgmeschede-nord.de\/Koenige\/1985web.jpg\" target=\"_blank\" rel=\"noopener\">Wilfried (\u2020) und Margret Siepe<\/a><\/td>\n<td><a href=\"http:\/\/www.sgmeschede-nord.de\/Vizekoenige\/1985web.jpg\" target=\"_blank\" rel=\"noopener\">Kai K\u00fcrzer mit Petra Beschorner<\/a><\/td>\n<\/tr>\n<tr>\n<td>1984<\/td>\n<td><a href=\"http:\/\/www.sgmeschede-nord.de\/Koenige\/1984web.jpg\" target=\"_blank\" rel=\"noopener\">Wolfgang und Brigitte B\u00f6hm<\/a><\/td>\n<td><a href=\"http:\/\/www.sgmeschede-nord.de\/Vizekoenige\/1984web.jpg\" target=\"_blank\" rel=\"noopener\">J\u00fcrgen S\u00fcggeler mit Karin Depping<\/a><\/td>\n<\/tr>\n<tr>\n<td>1983<\/td>\n<td><a href=\"http:\/\/www.sgmeschede-nord.de\/Koenige\/1983web.jpg\" target=\"_blank\" rel=\"noopener\">Franz-Josef und Marietheres Rickes<\/a><\/td>\n<td><a href=\"http:\/\/www.sgmeschede-nord.de\/Vizekoenige\/1983web.jpg\" target=\"_blank\" rel=\"noopener\">Michael Heinemann mit Christine Metzner<\/a><\/td>\n<\/tr>\n<tr>\n<td>1982<\/td>\n<td><a href=\"http:\/\/www.sgmeschede-nord.de\/Koenige\/1982web.jpg\" target=\"_blank\" rel=\"noopener\">Herbert Michalski (\u2020) mit Birgit Michel<\/a><\/td>\n<td><a href=\"http:\/\/www.sgmeschede-nord.de\/Vizekoenige\/1982web.jpg\" target=\"_blank\" rel=\"noopener\">Meinolf Vollmer mit Manuela Massino<\/a><\/td>\n<\/tr>\n<tr>\n<td>1981<\/td>\n<td><a href=\"http:\/\/www.sgmeschede-nord.de\/Koenige\/1981web.jpg\" target=\"_blank\" rel=\"noopener\">Lutz (\u2020) und Ursula R\u00f6hrich<\/a><\/td>\n<td><a href=\"http:\/\/www.sgmeschede-nord.de\/Vizekoenige\/1981web.jpg\" target=\"_blank\" rel=\"noopener\">Hansi und Gabi Herrmann<\/a><\/td>\n<\/tr>\n<tr>\n<td>1980<\/td>\n<td><a href=\"http:\/\/www.sgmeschede-nord.de\/Koenige\/1980web.jpg\" target=\"_blank\" rel=\"noopener\">Heinz Krick mit Ingrid Stein<\/a><\/td>\n<td><a href=\"http:\/\/www.sgmeschede-nord.de\/Vizekoenige\/1980web.jpg\" target=\"_blank\" rel=\"noopener\">Hermann Hanses (\u2020) mit Christel Beschorner<\/a><\/td>\n<\/tr>\n<tr>\n<td>1979<\/td>\n<td><a href=\"http:\/\/www.sgmeschede-nord.de\/Koenige\/1979web.jpg\" target=\"_blank\" rel=\"noopener\">Richard Hanses mit Karin Leukel<\/a><\/td>\n<td><a href=\"http:\/\/www.sgmeschede-nord.de\/Vizekoenige\/1979web.jpg\" target=\"_blank\" rel=\"noopener\">Dietmar und Ingrid Sch\u00f6we<\/a><\/td>\n<\/tr>\n<tr>\n<td>1978<\/td>\n<td><a href=\"http:\/\/www.sgmeschede-nord.de\/Koenige\/1978web.jpg\" target=\"_blank\" rel=\"noopener\">Johannes (\u2020) und Hannelore (\u2020) Mertens<\/a><\/td>\n<td><a href=\"http:\/\/www.sgmeschede-nord.de\/Vizekoenige\/1978web.jpg\" target=\"_blank\" rel=\"noopener\">Heinz Krick mit Frau N\u00f6lke<\/a><\/td>\n<\/tr>\n<tr>\n<td>1977<\/td>\n<td><a href=\"http:\/\/www.sgmeschede-nord.de\/Koenige\/1977web.jpg\" target=\"_blank\" rel=\"noopener\">Gerhard (\u2020) und Marianne (\u2020) Scholz<\/a><\/td>\n<td><a href=\"http:\/\/www.sgmeschede-nord.de\/Vizekoenige\/1977web.jpg\" target=\"_blank\" rel=\"noopener\">Franz-Josef (\u2020) und Petra K\u00e4mmerling<\/a><\/td>\n<\/tr>\n<tr>\n<td>1976<\/td>\n<td><a href=\"http:\/\/www.sgmeschede-nord.de\/Koenige\/1976web.jpg\" target=\"_blank\" rel=\"noopener\">G\u00fcnter (\u2020) und Waltraud Stenzler<\/a><\/td>\n<td><a href=\"http:\/\/www.sgmeschede-nord.de\/Vizekoenige\/1976web.jpg\" target=\"_blank\" rel=\"noopener\">Fritz Platte mit Margret Perk<\/a><\/td>\n<\/tr>\n<tr>\n<td>1975<\/td>\n<td><a href=\"http:\/\/www.sgmeschede-nord.de\/Koenige\/1975web.jpg\" target=\"_blank\" rel=\"noopener\">Volker und Ursula Lankamp<\/a><\/td>\n<td>Franz Goesmann (\u2020) mit Gabriele Rickes<\/td>\n<\/tr>\n<tr>\n<td>1974<\/td>\n<td><a href=\"http:\/\/www.sgmeschede-nord.de\/Koenige\/1974web.jpg\" target=\"_blank\" rel=\"noopener\">Hubert (\u2020) und Elisabeth (\u2020) Heinemann<\/a><\/td>\n<td><a href=\"http:\/\/www.sgmeschede-nord.de\/Vizekoenige\/1974web.jpg\" target=\"_blank\" rel=\"noopener\">Franz Quitschorek jun. (\u2020) mit seiner Schwester Jutta<\/a><\/td>\n<\/tr>\n<tr style=\"background-color: #f8f8f8;\">\n<td>1974<\/td>\n<td><a href=\"http:\/\/www.sgmeschede-nord.de\/Koenige\/1974Kaiserweb.jpg\" target=\"_blank\" rel=\"noopener\">Erster Kaiser: Heinz S\u00fcggeler (\u2020)<\/a><\/td>\n<td>&#8211;<\/td>\n<\/tr>\n<tr>\n<td>1973<\/td>\n<td><a href=\"http:\/\/www.sgmeschede-nord.de\/Koenige\/1973web.jpg\" target=\"_blank\" rel=\"noopener\">Karl (\u2020) und Johanna (\u2020) Steinberg<\/a><\/td>\n<td><a href=\"http:\/\/www.sgmeschede-nord.de\/Vizekoenige\/1973web.jpg\" target=\"_blank\" rel=\"noopener\">Hermann Hanses (\u2020) mit Elisabeth Krick<\/a><\/td>\n<\/tr>\n<tr>\n<td>1972<\/td>\n<td><a href=\"http:\/\/www.sgmeschede-nord.de\/Koenige\/1972web.jpg\" target=\"_blank\" rel=\"noopener\">Bernd und Ursula (\u2020) Habermann<\/a><\/td>\n<td><a href=\"http:\/\/www.sgmeschede-nord.de\/Vizekoenige\/1972web.jpg\" target=\"_blank\" rel=\"noopener\">Elmar Kaldewei mit Ingrid Plugge<\/a><\/td>\n<\/tr>\n<tr>\n<td>1971<\/td>\n<td><a href=\"http:\/\/www.sgmeschede-nord.de\/Koenige\/1971web.jpg\" target=\"_blank\" rel=\"noopener\">Franz (\u2020) und Josefine (\u2020) Drinhaus<\/a><\/td>\n<td><a href=\"http:\/\/www.sgmeschede-nord.de\/Vizekoenige\/1971web.jpg\" target=\"_blank\" rel=\"noopener\">Karl Stracke (\u2020)<\/a><\/td>\n<\/tr>\n<tr>\n<td>1970<\/td>\n<td><a href=\"http:\/\/www.sgmeschede-nord.de\/Koenige\/1970web.jpg\" target=\"_blank\" rel=\"noopener\">Heinz Neugebauer (\u2020) mit Paula Ehlert (\u2020)<\/a><\/td>\n<td><a href=\"http:\/\/www.sgmeschede-nord.de\/Vizekoenige\/1970web.jpg\" target=\"_blank\" rel=\"noopener\">Dietmar Winkler (\u2020)<\/a><\/td>\n<\/tr>\n<tr>\n<td>1969<\/td>\n<td><a href=\"http:\/\/www.sgmeschede-nord.de\/Koenige\/1969web.jpg\" target=\"_blank\" rel=\"noopener\">Johannes (\u2020) und Walburga (\u2020) Mertens<\/a><\/td>\n<td><a href=\"http:\/\/www.sgmeschede-nord.de\/Vizekoenige\/1969web.jpg\" target=\"_blank\" rel=\"noopener\">Franz-Josef Kersting (\u2020) mit Renate Bold<\/a><\/td>\n<\/tr>\n<tr>\n<td>1968<\/td>\n<td><a href=\"http:\/\/www.sgmeschede-nord.de\/Koenige\/1968web.jpg\" target=\"_blank\" rel=\"noopener\">Werner (\u2020) und Maria Siepe<\/a><\/td>\n<td><a href=\"http:\/\/www.sgmeschede-nord.de\/Vizekoenige\/1968web.jpg\" target=\"_blank\" rel=\"noopener\">Ernst (\u2020) und Brigitte Habitzki<\/a><\/td>\n<\/tr>\n<tr>\n<td>1967<\/td>\n<td><a href=\"http:\/\/www.sgmeschede-nord.de\/Koenige\/1967web.jpg\" target=\"_blank\" rel=\"noopener\">Helmut (\u2020) und Ingrid Siegert (\u2020)<\/a><\/td>\n<td>G\u00fcnther Pfeiffer (\u2020)<\/td>\n<\/tr>\n<tr>\n<td>1966<\/td>\n<td><a href=\"http:\/\/www.sgmeschede-nord.de\/Koenige\/1966web.jpg\" target=\"_blank\" rel=\"noopener\">Heinz S\u00fcggeler (\u2020) mit Ursula R\u00f6tzmeier (\u2020)<\/a><\/td>\n<td>Hans Skotarzik (\u2020)<\/td>\n<\/tr>\n<tr>\n<td>1965<\/td>\n<td><a href=\"http:\/\/www.sgmeschede-nord.de\/Koenige\/1965web.jpg\" target=\"_blank\" rel=\"noopener\">Aloys (\u2020) Stefanie (\u2020) Donner<\/a><\/td>\n<td>Hubert Rickes<\/td>\n<\/tr>\n<tr>\n<td>1964<\/td>\n<td><a href=\"http:\/\/www.sgmeschede-nord.de\/Koenige\/1964web.jpg\" target=\"_blank\" rel=\"noopener\">Wolfgang Dierkes (\u2020) mit \u00c4nne Pieper (\u2020)<\/a><\/td>\n<td>Heinz Neugebauer (\u2020)<\/td>\n<\/tr>\n<tr>\n<td>1963<\/td>\n<td><a href=\"http:\/\/www.sgmeschede-nord.de\/Koenige\/1963web.jpg\" target=\"_blank\" rel=\"noopener\">Manfred Drinhaus (\u2020) mit Liselotte Rasche (\u2020)<\/a><\/td>\n<td>Udo R\u00f6tzmeier (\u2020)<\/td>\n<\/tr>\n<tr>\n<td>1962<\/td>\n<td><a href=\"http:\/\/www.sgmeschede-nord.de\/Koenige\/1962web.jpg\" target=\"_blank\" rel=\"noopener\">Josef (\u2020) und Paula (\u2020) Murawa<\/a><\/td>\n<td><a href=\"http:\/\/www.sgmeschede-nord.de\/Vizekoenige\/1962web.jpg\" target=\"_blank\" rel=\"noopener\">Klaus Kawaleck<\/a><\/td>\n<\/tr>\n<tr>\n<td>1961<\/td>\n<td><a href=\"http:\/\/www.sgmeschede-nord.de\/Koenige\/1961web.jpg\" target=\"_blank\" rel=\"noopener\">Hugo (\u2020) und Gisela (\u2020) Hammerschmitdt<\/a><\/td>\n<td>Helmut Eigemeiner (\u2020)<\/td>\n<\/tr>\n<tr>\n<td>1960<\/td>\n<td><a href=\"http:\/\/www.sgmeschede-nord.de\/Koenige\/1960web.jpg\" target=\"_blank\" rel=\"noopener\">Edmund (\u2020) und Irmtraud S\u00fcggeler<\/a><\/td>\n<td>Manfred Pohl (\u2020)<\/td>\n<\/tr>\n<tr>\n<td>1959<\/td>\n<td><a href=\"http:\/\/www.sgmeschede-nord.de\/Koenige\/1959web.jpg\" target=\"_blank\" rel=\"noopener\">Josef (\u2020) und Anita (\u2020) Rickes<\/a><\/td>\n<td>Ferdinand Braukmann (\u2020)<\/td>\n<\/tr>\n<tr>\n<td>1958<\/td>\n<td><a href=\"http:\/\/www.sgmeschede-nord.de\/Koenige\/1958web.jpg\" target=\"_blank\" rel=\"noopener\">Franz (\u2020) und Josefine (\u2020) Wiese<\/a><\/td>\n<td>Klaus Schulte (\u2020)<\/td>\n<\/tr>\n<tr>\n<td>1957<\/td>\n<td><a href=\"http:\/\/www.sgmeschede-nord.de\/Koenige\/1957web.jpg\" target=\"_blank\" rel=\"noopener\">Josef (\u2020) und Anneliese (\u2020) Sprenger<\/a><\/td>\n<td>Manfred Richter<\/td>\n<\/tr>\n<tr>\n<td>1956<\/td>\n<td><a href=\"http:\/\/www.sgmeschede-nord.de\/Koenige\/1956web.jpg\" target=\"_blank\" rel=\"noopener\">Hans (\u2020) und Klara (\u2020) van Bebber<\/a><\/td>\n<td>Franz-Josef Quadflieg (\u2020)<\/td>\n<\/tr>\n<tr>\n<td>1955<\/td>\n<td><a href=\"http:\/\/www.sgmeschede-nord.de\/Koenige\/1955web.jpg\" target=\"_blank\" rel=\"noopener\">Georg Sprenger (\u2020) mit Josefa Meyer (\u2020)<\/a><\/td>\n<td>Joachim Kielgast (\u2020)<\/td>\n<\/tr>\n<tr>\n<td>1954<\/td>\n<td><a href=\"http:\/\/www.sgmeschede-nord.de\/Koenige\/1954web.jpg\" target=\"_blank\" rel=\"noopener\">Heinrich (\u2020) und Walburga (\u2020) Goesmann<\/a><\/td>\n<td>Paul Schmidt (\u2020)<\/td>\n<\/tr>\n<tr>\n<td>1953<\/td>\n<td><a href=\"http:\/\/www.sgmeschede-nord.de\/Koenige\/1953web.jpg\" target=\"_blank\" rel=\"noopener\">Atttila (\u2020) und Irmgard (\u2020) von Debschitz<\/a><\/td>\n<td>Werner Habitzki (\u2020)<\/td>\n<\/tr>\n<tr>\n<td>1952<\/td>\n<td><a href=\"http:\/\/www.sgmeschede-nord.de\/Koenige\/1952web.jpg\" target=\"_blank\" rel=\"noopener\">Josef Schwager (\u2020) mit Theresia Dierkes (\u2020)<\/a><\/td>\n<td>Heinrich Spiekermann (\u2020)<\/td>\n<\/tr>\n<tr>\n<td>1951<\/td>\n<td><a href=\"http:\/\/www.sgmeschede-nord.de\/Koenige\/1951web.jpg\" target=\"_blank\" rel=\"noopener\">Paul Hoffmann (\u2020) mit Maria Krischick (\u2020)<\/a><\/td>\n<td>G\u00fcnther (Bubi) Sch\u00f6we (\u2020)<\/td>\n<\/tr>\n<tr>\n<td>1950<\/td>\n<td><a href=\"http:\/\/www.sgmeschede-nord.de\/Koenige\/1950web.jpg\" target=\"_blank\" rel=\"noopener\">Theo Goesmann (\u2020) mit Gr\u00e4fin von Westphalen (\u2020)<\/a><\/td>\n<td>Heinrich Eigemeier (\u2020)<\/td>\n<\/tr>\n<tr>\n<td>1949<\/td>\n<td><a href=\"http:\/\/www.sgmeschede-nord.de\/Koenige\/1949web.jpg\" target=\"_blank\" rel=\"noopener\">Josef Junker (\u2020) mit Ursula Dombrowski (\u2020)<\/a><\/td>\n<td>Werner M\u00fcller (\u2020)<\/td>\n<\/tr>\n<tr>\n<td>1948<\/td>\n<td><a href=\"http:\/\/www.sgmeschede-nord.de\/Koenige\/1948web.jpg\" target=\"_blank\" rel=\"noopener\">Gottfried Eigemeier (\u2020)<\/a><\/td>\n<td>Hubert Klein (\u2020)<\/td>\n<\/tr>\n<\/tbody>\n<\/table>\n<\/div>\n\t\t<\/div><\/div><\/div><div id=\"pg-4139-2\"  class=\"panel-grid panel-no-style\" ><div id=\"pgc-4139-2-0\"  class=\"panel-grid-cell\" ><div id=\"panel-4139-2-0-0\" class=\"so-panel widget widget_text panel-first-child panel-last-child\" data-index=\"8\" ><h3 class=\"widget-title\">Geschichte der Sch\u00fctzengemeinschaft Meschede-Nord e. V.<\/h3>\t\t\t<div class=\"textwidget\">Eine etwa 20 Mann starke Gruppe junger Burschen von der Wald- und Lagerstra\u00dfe beschloss im Jahr 1948 ein kleines Sch\u00fctzenfest im Walde zu feiern. So wurde am 9. Juli des gleichen Jahres das erste Fest in der H\u00fctte am alten Schie\u00dfstand hinter dem Waldschl\u00f6\u00dfchen gefeiert. Vor dem Vogel- und Geckabwerfen wurden Fritz Sprenger als Hauptmann, sowie Josef Rasche und Fritz Goesmann als Vorstandsmitglieder gew\u00e4hlt.\nDa das erste Fest ein voller Erfolg war, sollte auch im darauffolgendem Jahr wieder gefeiert. Bei der vorher stattfindenden Generalversammelung am 23. Juni 1949 erschienen 59 Personen in der Sauerlandhalle. Durch den Umstand, dass ein gro\u00dfer Teil der Bev\u00f6lkerung wegen des hohen Jahresbeitrages und der hohen Eintrittspreise nicht in der Lage war, am Fest der Sch\u00fctzenbruderschaft der Stadt Meschede teilzunehmen, wurde der Beschluss gefasst, im Stadtteil Meschede-Nord ein eigenes Fest zu feiern. Das Fest sollte in der Sauerlandhalle stattfinden und die Eintrittspreise so gew\u00e4hlt werden, dass jeder Interessierte daran teilnehmen konnte. Es wurde mit 55 Stimmen die Gr\u00fcndung eines Sch\u00fctzenvereins beschlossen. Die Gr\u00fcndungsversammlung wurde auf den 30.06.1949 festgelegt. Am 2. Juli wurde der Verein in das Vereinsregister eingetragen. 102 Personen erschienen und diskutierten mit \u00fcber Sinn und Zweck des Vereins. Quintessenz: im n\u00f6rdlichen Stadtteil kann sehr wohl ein eigener Sch\u00fctzenverein bestehen!\nDer neu gew\u00e4hlte Vorstand k\u00fcmmerte sich gleich um Genehmigungen, Eintragungen, Festmusik, und Festwirt. F\u00fcr das erste offizielle Fest im Mescheder Norden am 16. und 17. Juli 1949 gab sich der Vereinswirt Franz Kotthoff mit einigen Sch\u00fctzenbr\u00fcdern die gr\u00f6\u00dfte M\u00fche, aus der Versteigerungshalle f\u00fcr Rotbunt-Vieh eine Festhalle zu machen. Erster Sch\u00fctzenk\u00f6nig war Josef Junker mit K\u00f6nigin Ursula Dombrowski, erster Geck Werner M\u00fcller. Die Musikkapelle Hirschberg spielte als Festmusik auf, unterst\u00fctzt durch den Tambourcorps Nord. Die erste Sch\u00fctzenmesse fand in der Holzbaracke am Pulverturm statt. M\u00e4nnerf\u00e4hnrich Erich Bothe entwarf und malte die ersten Fahnen. Der Umzugsweg f\u00fchrte die Sch\u00fctzenbr\u00fcder am ersten Tag \u00fcber die Pulverturmstrasse, Bahnhofsstrasse und Lagerstrasse. Am zweiten Tag ging es durch den nord\u00f6stlichen Stadtteil. Das Schie\u00dfen war (noch immer) nicht erlaubt. Der Vogel wurde demzufolge abgeworfen. Der damalige Bierpreis f\u00fcr 0,2l betrug 0,30,- DM. Im Folgejahr wurde auch noch in der Bullenhalle gefeiert, dann wechselte man aber aufgrund der steigenden Mitglieder- und Besucherzahlen auf die Wiese \u201eUnterm Hainberg\u201c, dort befand sich neben dem aufgebautem Festzelt auch die Vogelstange.<\/div>\n\t\t<\/div><\/div><\/div><div id=\"pg-4139-3\"  class=\"panel-grid panel-no-style\" ><div id=\"pgc-4139-3-0\"  class=\"panel-grid-cell\" ><div id=\"panel-4139-3-0-0\" class=\"so-panel widget widget_text panel-first-child\" data-index=\"9\" ><h3 class=\"widget-title\">Die gro\u00dfe K\u00f6nigskette<\/h3>\t\t\t<div class=\"textwidget\">Die gro\u00dfe K\u00f6nigskette besteht zur Zeit aus 42 Orden von ehemaligen K\u00f6nigen. Jedes Jahr kommt ein neuer Orden hinzu, und ein \u201calter\u201d Orden wechselt an die Kaiserkette. Dies ist n\u00f6tig, damit die K\u00f6nigskette nicht zu lang wird und gut getragen werden kann. Bei allen offiziellen Auftritten des Gesamtvorstandes in vollem Ornat wird die Kette vom amtierenden K\u00f6nig getragen. Den \u201cH\u00f6hepunkt\u201d erreicht die Kettewohl am Sch\u00fctzenfest Montag bei der Proklamation, wenn sie mit viel Emotionen durch den Hauptmann und Adjutanten vom \u201calten\u201d zum \u201cneuen\u201d K\u00f6nig \u00fcbergeben wird.<\/div>\n\t\t<\/div><div id=\"panel-4139-3-0-1\" class=\"so-panel widget widget_sow-image panel-last-child\" data-index=\"10\" ><div\n\t\t\t\n\t\t\tclass=\"so-widget-sow-image so-widget-sow-image-default-8b5b6f678277-4139\"\n\t\t\t\n\t\t>\n<div class=\"sow-image-container\">\n\t\t<img \n\tsrc=\"http:\/\/www.sgmeschede-nord.de\/wpress\/wp-content\/uploads\/2013\/02\/koenigskette.jpg\" title=\"Gemeinschaft\" alt=\"\" \t\tclass=\"so-widget-image\"\/>\n\t<\/div>\n\n<\/div><\/div><\/div><div id=\"pgc-4139-3-1\"  class=\"panel-grid-cell\" ><div id=\"panel-4139-3-1-0\" class=\"so-panel widget widget_text panel-first-child\" data-index=\"11\" ><h3 class=\"widget-title\">Die kleine K\u00f6nigskette<\/h3>\t\t\t<div class=\"textwidget\">Die kleine K\u00f6nigskette wird von dem amtierenden K\u00f6nig zu allen offiziellen Anl\u00e4ssen getragen. Immer dann, wenn der Vorstand die Uniform an hat, tr\u00e4gt der K\u00f6nig \u201cseine\u201d Kette.<\/div>\n\t\t<\/div><div id=\"panel-4139-3-1-1\" class=\"so-panel widget widget_sow-image panel-last-child\" data-index=\"12\" ><div\n\t\t\t\n\t\t\tclass=\"so-widget-sow-image so-widget-sow-image-default-8b5b6f678277-4139\"\n\t\t\t\n\t\t>\n<div class=\"sow-image-container\">\n\t\t<img \n\tsrc=\"http:\/\/www.sgmeschede-nord.de\/wpress\/wp-content\/uploads\/2013\/02\/kleine_koenigskette.jpg\" title=\"Gemeinschaft\" alt=\"\" \t\tclass=\"so-widget-image\"\/>\n\t<\/div>\n\n<\/div><\/div><\/div><div id=\"pgc-4139-3-2\"  class=\"panel-grid-cell\" ><div id=\"panel-4139-3-2-0\" class=\"so-panel widget widget_text panel-first-child\" data-index=\"13\" ><h3 class=\"widget-title\">Die Kaiserkette<\/h3>\t\t\t<div class=\"textwidget\">Die Kaiserkette wurde 2008 von der K\u00f6nigsvereinigung angeschafft. Sie besteht aus den K\u00f6nigsorden \u00fcberwiegend verstorbener K\u00f6nige, die aus Platzmangel an der K\u00f6nigskette nicht weiter getragen werden k\u00f6nnen. So mit haben diese Orden nun einen Ehrenplatz an der Kaiserkette gefunden und werden beim gro\u00dfen Festumzug auf unserem Sch\u00fctzenfest von dem amtierendem Kaiser getragen.<\/div>\n\t\t<\/div><div id=\"panel-4139-3-2-1\" class=\"so-panel widget widget_sow-image panel-last-child\" data-index=\"14\" ><div\n\t\t\t\n\t\t\tclass=\"so-widget-sow-image so-widget-sow-image-default-8b5b6f678277-4139\"\n\t\t\t\n\t\t>\n<div class=\"sow-image-container\">\n\t\t<img \n\tsrc=\"http:\/\/www.sgmeschede-nord.de\/wpress\/wp-content\/uploads\/2013\/02\/kaiserkette.jpg\" title=\"Gemeinschaft\" alt=\"\" \t\tclass=\"so-widget-image\"\/>\n\t<\/div>\n\n<\/div><\/div><\/div><\/div><div id=\"pg-4139-4\"  class=\"panel-grid panel-no-style\" ><div id=\"pgc-4139-4-0\"  class=\"panel-grid-cell\" ><div id=\"panel-4139-4-0-0\" class=\"so-panel widget widget_text panel-first-child\" data-index=\"15\" ><h3 class=\"widget-title\">Die Vizek\u00f6nigskette<\/h3>\t\t\t<div class=\"textwidget\">Die Vizek\u00f6nigskette wird durch den amtierenden Vizek\u00f6nig bei allen offiziellen Veranstaltungen getragen. Sie ist also, \u00e4hnlich wie die kleine K\u00f6nigskette f\u00fcr den K\u00f6nig, der st\u00e4ndige Begleiter des Vizek\u00f6nigs.<\/div>\n\t\t<\/div><div id=\"panel-4139-4-0-1\" class=\"so-panel widget widget_sow-image panel-last-child\" data-index=\"16\" ><div\n\t\t\t\n\t\t\tclass=\"so-widget-sow-image so-widget-sow-image-default-8b5b6f678277-4139\"\n\t\t\t\n\t\t>\n<div class=\"sow-image-container\">\n\t\t<img \n\tsrc=\"http:\/\/www.sgmeschede-nord.de\/wpress\/wp-content\/uploads\/2013\/02\/vizekoenigskette.jpg\" title=\"Gemeinschaft\" alt=\"\" \t\tclass=\"so-widget-image\"\/>\n\t<\/div>\n\n<\/div><\/div><\/div><div id=\"pgc-4139-4-1\"  class=\"panel-grid-cell\" ><div id=\"panel-4139-4-1-0\" class=\"so-panel widget widget_text panel-first-child\" data-index=\"17\" ><h3 class=\"widget-title\">Das K\u00f6niginnendiadem<\/h3>\t\t\t<div class=\"textwidget\">Am Sch\u00fctzenfest Montag bei der Proklamation wird das Diadem an die neue Sch\u00fctzenk\u00f6nigin durch den Hauptmann weitergegeben. Das Diadem wird von der K\u00f6nigin bei allen hoch offiziellen Auftritten getragen, also immer dann wenn sie ihr K\u00f6niginnenkleid tr\u00e4gt. <\/div>\n\t\t<\/div><div id=\"panel-4139-4-1-1\" class=\"so-panel widget widget_sow-image panel-last-child\" data-index=\"18\" ><div\n\t\t\t\n\t\t\tclass=\"so-widget-sow-image so-widget-sow-image-default-8b5b6f678277-4139\"\n\t\t\t\n\t\t>\n<div class=\"sow-image-container\">\n\t\t<img \n\tsrc=\"http:\/\/www.sgmeschede-nord.de\/wpress\/wp-content\/uploads\/2013\/02\/Diadem.jpg\" title=\"Gemeinschaft\" alt=\"\" \t\tclass=\"so-widget-image\"\/>\n\t<\/div>\n\n<\/div><\/div><\/div><div id=\"pgc-4139-4-2\"  class=\"panel-grid-cell\" ><div id=\"panel-4139-4-2-0\" class=\"so-panel widget widget_text panel-first-child\" data-index=\"19\" ><h3 class=\"widget-title\">Die K\u00f6niginnensch\u00e4rpe<\/h3>\t\t\t<div class=\"textwidget\">Bis in die Mitte er 80er Jahre wurde von den K\u00f6niginnen, zus\u00e4tzlich zu dem Diadem, im Festumzug die K\u00f6niginnensch\u00e4rpe getragen. Die alte Tradition, die Sch\u00e4rpe (es gibt mittlerweile drei davon) mit den Namen der K\u00f6niginnen zu besticken, wird auch heute noch durchgef\u00fchrt, allerdings wird die Sch\u00e4rpe nicht mehr von der K\u00f6nigin getragen. Und dies hat einen ganz einfachen Grund: Die Sch\u00e4rpe passt meist farblich nicht zu dem K\u00f6niginnenkleid.<\/div>\n\t\t<\/div><div id=\"panel-4139-4-2-1\" class=\"so-panel widget widget_sow-image panel-last-child\" data-index=\"20\" ><div\n\t\t\t\n\t\t\tclass=\"so-widget-sow-image so-widget-sow-image-default-8b5b6f678277-4139\"\n\t\t\t\n\t\t>\n<div class=\"sow-image-container\">\n\t\t<img \n\tsrc=\"http:\/\/www.sgmeschede-nord.de\/wpress\/wp-content\/uploads\/2013\/02\/scherpe.jpg\" title=\"Gemeinschaft\" alt=\"\" \t\tclass=\"so-widget-image\"\/>\n\t<\/div>\n\n<\/div><\/div><\/div><\/div><div id=\"pg-4139-5\"  class=\"panel-grid panel-no-style\" ><div id=\"pgc-4139-5-0\"  class=\"panel-grid-cell\" ><div id=\"panel-4139-5-0-0\" class=\"so-panel widget widget_text panel-first-child panel-last-child\" data-index=\"21\" ><h3 class=\"widget-title\">Der Kaiserorden<\/h3>\t\t\t<div class=\"textwidget\">Der Kaiserorden wird bei der Proklamation nach dem Kaiserschie\u00dfen an den neuen Kaiser verliehen. Das Kaiserschie\u00dfen findet in aller Regel alle 5 Jahre am Sch\u00fctzenfest Samstag statt. Die Teilnahme am Schie\u00dfen ist nur den ehemaligen K\u00f6nigen unserer Sch\u00fctzengemeinschaft gestattet, sofern Sie noch kein Kaiser unseres Vereins gewesen sind. Da alle \u201cEx\u201d-Majest\u00e4ten gerne einmal der \u201cK\u00f6nig der K\u00f6nige\u201d sein m\u00f6chte, ist bei diesem Schie\u00dfen die Bewerberzahl sehr hoch und die Fehlsch\u00fcsse sehr niedrig.<\/div>\n\t\t<\/div><\/div><div id=\"pgc-4139-5-1\"  class=\"panel-grid-cell\" ><div id=\"panel-4139-5-1-0\" class=\"so-panel widget widget_text panel-first-child panel-last-child\" data-index=\"22\" ><h3 class=\"widget-title\">Der Jubelk\u00f6nigsorden<\/h3>\t\t\t<div class=\"textwidget\">Der Jubelk\u00f6nigsorden wird einem ehemaligen K\u00f6nig zum 25. Jubil\u00e4um seiner K\u00f6nigsw\u00fcrde verliehen. <\/div>\n\t\t<\/div><\/div><div id=\"pgc-4139-5-2\"  class=\"panel-grid-cell\" ><div id=\"panel-4139-5-2-0\" class=\"so-panel widget widget_text panel-first-child panel-last-child\" data-index=\"23\" ><h3 class=\"widget-title\">Der K\u00f6nigsorden<\/h3>\t\t\t<div class=\"textwidget\">Der K\u00f6nigsorden wird bei der Proklamation am Sch\u00fctzenfest Montag dem scheidenden, amtierenden K\u00f6nig verliehen, nach dem der Majest\u00e4t, meist unter gro\u00dfen Emotionen, die gro\u00dfe K\u00f6nigskette durch den Hauptmann und Adjutanten abgenommen wurde.<\/div>\n\t\t<\/div><\/div><\/div><div id=\"pg-4139-6\"  class=\"panel-grid panel-no-style\" ><div id=\"pgc-4139-6-0\"  class=\"panel-grid-cell\" ><div id=\"panel-4139-6-0-0\" class=\"so-panel widget widget_text panel-first-child panel-last-child\" data-index=\"24\" ><h3 class=\"widget-title\">Der Vizek\u00f6nigsorden<\/h3>\t\t\t<div class=\"textwidget\">Der Vizek\u00f6nigsorden wird bei der Proklamation am Sch\u00fctzenfest Montag dem scheidenden, amtierenden Vizek\u00f6nig verliehen. Das obere Bild zeigt den neuen, 2012 angeschafften, Orden, das Bild darunter das bis 2011 verliehene Modell.<\/div>\n\t\t<\/div><\/div><div id=\"pgc-4139-6-1\"  class=\"panel-grid-cell\" ><div id=\"panel-4139-6-1-0\" class=\"so-panel widget widget_text panel-first-child panel-last-child\" data-index=\"25\" ><h3 class=\"widget-title\">Jungsch\u00fctzenk\u00f6nigskette <\/h3>\t\t\t<div class=\"textwidget\">Seit 1999 wird am Sch\u00fctzenfest Montag, vor dem eigentlichen Vogelschie\u00dfen, unter den Mitgliedern der Jugendabteilung der Jungsch\u00fctzenk\u00f6nig ermittelt. Dazu wird, genau so wie bei den \u201cgro\u00dfen\u201d, auf einen Holzvogel geschossen. Der so neu ermittelte Jungsch\u00fctzenk\u00f6nig bekommt anschlie\u00dfend bei der Proklamation der neuen Majest\u00e4ten die Jungsch\u00fctzen-k\u00f6nigskette \u00fcberreicht. Ein Wehmutstropfen hat das Schie\u00dfen allerdings f\u00fcr die \u201cJungens\u201d: Um die gesetzlichen Bestimmungen einzuhalten d\u00fcrfen nicht alle Mitglieder der Jugendabteilung mit schie\u00dfen. <\/div>\n\t\t<\/div><\/div><div id=\"pgc-4139-6-2\"  class=\"panel-grid-cell\" ><div id=\"panel-4139-6-2-0\" class=\"so-panel widget widget_text panel-first-child panel-last-child\" data-index=\"26\" ><h3 class=\"widget-title\">Jungsch\u00fctzenk\u00f6nigsorden<\/h3>\t\t\t<div class=\"textwidget\">Seit einigen Jahren wird dem scheidenden Jungsch\u00fctzenk\u00f6nig dieser Orden am Sch\u00fctzenfestmontag verliehen.<\/div>\n\t\t<\/div><\/div><\/div><\/div>","protected":false},"excerpt":{"rendered":"<p>Der Vorstand Weitere Informationen >>> Sportsch\u00fctzen Weitere Informationen >>> Zug 1 Weitere Informationen >>> Jugendabteilung Weitere Informationen >>> Zug 2 Weitere Informationen >>> Senioren Weitere Informationen >>> Zug 3 Weitere Informationen >>> Jahr K\u00f6nigspaar Vizek\u00f6nigspaar 2025 Daniel und Nina Moldenhauer Jan-Niklas Teutenberg mit Sarah Sommer 2024 Markus und Anastasia Bakara Florian und Rebecka Kuhne 2024 Achter Kaiser: Markus Brieden &#8211; [&#8230;]<\/p>\n","protected":false},"author":1,"featured_media":0,"parent":0,"menu_order":4,"comment_status":"closed","ping_status":"closed","template":"template-fullwidth.php","meta":{"pgc_sgb_lightbox_settings":"","footnotes":""},"class_list":["post-4139","page","type-page","status-publish","hentry"],"_links":{"self":[{"href":"https:\/\/www.sgmeschede-nord.de\/wpress\/wp-json\/wp\/v2\/pages\/4139","targetHints":{"allow":["GET"]}}],"collection":[{"href":"https:\/\/www.sgmeschede-nord.de\/wpress\/wp-json\/wp\/v2\/pages"}],"about":[{"href":"https:\/\/www.sgmeschede-nord.de\/wpress\/wp-json\/wp\/v2\/types\/page"}],"author":[{"embeddable":true,"href":"https:\/\/www.sgmeschede-nord.de\/wpress\/wp-json\/wp\/v2\/users\/1"}],"replies":[{"embeddable":true,"href":"https:\/\/www.sgmeschede-nord.de\/wpress\/wp-json\/wp\/v2\/comments?post=4139"}],"version-history":[{"count":80,"href":"https:\/\/www.sgmeschede-nord.de\/wpress\/wp-json\/wp\/v2\/pages\/4139\/revisions"}],"predecessor-version":[{"id":11613,"href":"https:\/\/www.sgmeschede-nord.de\/wpress\/wp-json\/wp\/v2\/pages\/4139\/revisions\/11613"}],"wp:attachment":[{"href":"https:\/\/www.sgmeschede-nord.de\/wpress\/wp-json\/wp\/v2\/media?parent=4139"}],"curies":[{"name":"wp","href":"https:\/\/api.w.org\/{rel}","templated":true}]}}