{"id":8145,"date":"2021-09-23T14:14:23","date_gmt":"2021-09-23T12:14:23","guid":{"rendered":"http:\/\/www.sgmeschede-nord.de\/wpress\/?page_id=8145"},"modified":"2022-04-09T14:01:54","modified_gmt":"2022-04-09T12:01:54","slug":"veranstaltungen","status":"publish","type":"page","link":"https:\/\/www.sgmeschede-nord.de\/wpress\/veranstaltungen\/","title":{"rendered":"Veranstaltungen"},"content":{"rendered":"<div id=\"pl-8145\"  class=\"panel-layout\" ><div id=\"pg-8145-0\"  class=\"panel-grid panel-no-style\" ><div id=\"pgc-8145-0-0\"  class=\"panel-grid-cell\" ><div id=\"panel-8145-0-0-0\" class=\"widget_text so-panel widget widget_custom_html panel-first-child panel-last-child\" data-index=\"0\" ><h3 class=\"widget-title\">Termine<\/h3><div class=\"textwidget custom-html-widget\"><div class=\"qem \"><div class=\"qem-icon\"><div class=\"qem-calendar-small\" style=\"margin:0 6px 6px 0;\"><span class=\"day\" >01<\/span><span class=\"nonday\" ><span class=\"month\">Mai<\/span><span class=\"year\">2026<\/span><\/span><\/div><\/div><div class=\"qem-small\"><h2 class=\"qem_title\"><a href=\"https:\/\/www.sgmeschede-nord.de\/wpress\/event\/maiwanderung\/\">Maiwanderung<\/a><\/h2><p class=\"organisation\" style=\"color: #000000; font-size: 100%; \" >Zug 1<\/p><p class=\"readmore\"><a href=\"https:\/\/www.sgmeschede-nord.de\/wpress\/event\/maiwanderung\/\"><\/a><\/p><div style=\"clear:both\"><\/div><\/div><\/div>\r\n<div class=\"qem \"><div class=\"qem-icon\"><div class=\"qem-calendar-small\" style=\"margin:0 6px 6px 0;\"><span class=\"day\" >03<\/span><span class=\"nonday\" ><span class=\"month\">Mai<\/span><span class=\"year\">2026<\/span><\/span><\/div><\/div><div class=\"qem-small\"><h2 class=\"qem_title\"><a href=\"https:\/\/www.sgmeschede-nord.de\/wpress\/event\/wilzenbergwallfahrt\/\">Vorstandsfoto<\/a><\/h2><p class=\"readmore\"><a href=\"https:\/\/www.sgmeschede-nord.de\/wpress\/event\/wilzenbergwallfahrt\/\"><\/a><\/p><div style=\"clear:both\"><\/div><\/div><\/div>\r\n<div class=\"qem \"><div class=\"qem-icon\"><div class=\"qem-calendar-small\" style=\"margin:0 6px 6px 0;\"><span class=\"day\" >09<\/span><span class=\"nonday\" ><span class=\"month\">Mai<\/span><span class=\"year\">2026<\/span><\/span><\/div><\/div><div class=\"qem-small\"><h2 class=\"qem_title\"><a href=\"https:\/\/www.sgmeschede-nord.de\/wpress\/event\/fraunevogelschiessen\/\">Frauenvogelschie\u00dfen<\/a><\/h2><p class=\"location\" style=\"color: #000000; font-size: 100%; \" >Wo: Vereinshaus<\/p><p class=\"readmore\"><a href=\"https:\/\/www.sgmeschede-nord.de\/wpress\/event\/fraunevogelschiessen\/\"><\/a><\/p><div style=\"clear:both\"><\/div><\/div><\/div>\r\n<div class=\"qem \"><div class=\"qem-icon\"><div class=\"qem-calendar-small\" style=\"margin:0 6px 6px 0;\"><span class=\"day\" >13<\/span><span class=\"nonday\" ><span class=\"month\">Mai<\/span><span class=\"year\">2026<\/span><\/span><\/div><\/div><div class=\"qem-small\"><h2 class=\"qem_title\"><a href=\"https:\/\/www.sgmeschede-nord.de\/wpress\/event\/schuetzenfest-heinrichstal-wehrstapel\/\">Sch\u00fctzenfest Heinrichstal Wehrstapel<\/a><\/h2><p class=\"readmore\"><a href=\"https:\/\/www.sgmeschede-nord.de\/wpress\/event\/schuetzenfest-heinrichstal-wehrstapel\/\"><\/a><\/p><div style=\"clear:both\"><\/div><\/div><\/div>\r\n<div class=\"qem \"><div class=\"qem-icon\"><div class=\"qem-calendar-small\" style=\"margin:0 6px 6px 0;\"><span class=\"day\" >14<\/span><span class=\"nonday\" ><span class=\"month\">Mai<\/span><span class=\"year\">2026<\/span><\/span><\/div><\/div><div class=\"qem-small\"><h2 class=\"qem_title\"><a href=\"https:\/\/www.sgmeschede-nord.de\/wpress\/event\/familienwandertag\/\">Familienwandertag<\/a><\/h2><p class=\"organisation\" style=\"color: #000000; font-size: 100%; \" >Zug 2<\/p><p class=\"readmore\"><a href=\"https:\/\/www.sgmeschede-nord.de\/wpress\/event\/familienwandertag\/\"><\/a><\/p><div style=\"clear:both\"><\/div><\/div><\/div>\r\n<div class=\"qem \"><div class=\"qem-icon\"><div class=\"qem-calendar-small\" style=\"margin:0 6px 6px 0;\"><span class=\"day\" >03<\/span><span class=\"nonday\" ><span class=\"month\">Juni<\/span><span class=\"year\">2026<\/span><\/span><\/div><\/div><div class=\"qem-small\"><h2 class=\"qem_title\"><a href=\"https:\/\/www.sgmeschede-nord.de\/wpress\/event\/schuetzenfest-st-johannes-eversberg\/\">Sch\u00fctzenfest St. Johannes Eversberg<\/a><\/h2><p class=\"readmore\"><a href=\"https:\/\/www.sgmeschede-nord.de\/wpress\/event\/schuetzenfest-st-johannes-eversberg\/\"><\/a><\/p><div style=\"clear:both\"><\/div><\/div><\/div>\r\n<div class=\"qem \"><div class=\"qem-icon\"><div class=\"qem-calendar-small\" style=\"margin:0 6px 6px 0;\"><span class=\"day\" >05<\/span><span class=\"nonday\" ><span class=\"month\">Juni<\/span><span class=\"year\">2026<\/span><\/span><\/div><\/div><div class=\"qem-small\"><h2 class=\"qem_title\"><a href=\"https:\/\/www.sgmeschede-nord.de\/wpress\/event\/schuetzenfest-st-georgs-meschede-2\/\">Sch\u00fctzenfest St. Georg Meschede<\/a><\/h2><p class=\"readmore\"><a href=\"https:\/\/www.sgmeschede-nord.de\/wpress\/event\/schuetzenfest-st-georgs-meschede-2\/\"><\/a><\/p><div style=\"clear:both\"><\/div><\/div><\/div>\r\n<div class=\"qem \"><div class=\"qem-icon\"><div class=\"qem-calendar-small\" style=\"margin:0 6px 6px 0;\"><span class=\"day\" >13<\/span><span class=\"nonday\" ><span class=\"month\">Juni<\/span><span class=\"year\">2026<\/span><\/span><\/div><\/div><div class=\"qem-small\"><h2 class=\"qem_title\"><a href=\"https:\/\/www.sgmeschede-nord.de\/wpress\/event\/zugvergleichsschiessen\/\">Saisonabschluss Sportsch\u00fctzen<\/a><\/h2><p class=\"location\" style=\"color: #000000; font-size: 100%; \" >Wo: Schie\u00dfstand Vereinshaus<\/p><p class=\"organisation\" style=\"color: #000000; font-size: 100%; \" >Sportsch\u00fctzen<\/p><p class=\"readmore\"><a href=\"https:\/\/www.sgmeschede-nord.de\/wpress\/event\/zugvergleichsschiessen\/\"><\/a><\/p><div style=\"clear:both\"><\/div><\/div><\/div>\r\n<div class=\"qem \"><div class=\"qem-icon\"><div class=\"qem-calendar-small\" style=\"margin:0 6px 6px 0;\"><span class=\"day\" >16<\/span><span class=\"nonday\" ><span class=\"month\">Juni<\/span><span class=\"year\">2026<\/span><\/span><\/div><\/div><div class=\"qem-small\"><h2 class=\"qem_title\"><a href=\"https:\/\/www.sgmeschede-nord.de\/wpress\/event\/vorstandssitzung-erw-gf-vorstand-10-3\/\">Vorstandssitzung, erw GF Vorstand<\/a><\/h2><p class=\"start\" style=\"color: #000000; font-size: 100%; \" >Wann: 20:00 Uhr<\/p><p class=\"location\" style=\"color: #000000; font-size: 100%; \" >Wo: Vereinshaus<\/p><p class=\"readmore\"><a href=\"https:\/\/www.sgmeschede-nord.de\/wpress\/event\/vorstandssitzung-erw-gf-vorstand-10-3\/\"><\/a><\/p><div style=\"clear:both\"><\/div><\/div><\/div>\r\n<div class=\"qem \"><div class=\"qem-icon\"><div class=\"qem-calendar-small\" style=\"margin:0 6px 6px 0;\"><span class=\"day\" >26<\/span><span class=\"nonday\" ><span class=\"month\">Juni<\/span><span class=\"year\">2026<\/span><\/span><\/div><\/div><div class=\"qem-small\"><h2 class=\"qem_title\"><a href=\"https:\/\/www.sgmeschede-nord.de\/wpress\/event\/vorstandssitzung-kompl-vorstand-5-3\/\">Vorstandssitzung kompl. Vorstand<\/a><\/h2><p class=\"start\" style=\"color: #000000; font-size: 100%; \" >Wann: 20:00 Uhr<\/p><p class=\"readmore\"><a href=\"https:\/\/www.sgmeschede-nord.de\/wpress\/event\/vorstandssitzung-kompl-vorstand-5-3\/\"><\/a><\/p><div style=\"clear:both\"><\/div><\/div><\/div>\r\n<div class=\"qem \"><div class=\"qem-icon\"><div class=\"qem-calendar-small\" style=\"margin:0 6px 6px 0;\"><span class=\"day\" >10<\/span><span class=\"nonday\" ><span class=\"month\">Juli<\/span><span class=\"year\">2026<\/span><\/span><\/div><\/div><div class=\"qem-small\"><h2 class=\"qem_title\"><a href=\"https:\/\/www.sgmeschede-nord.de\/wpress\/event\/bierprobe\/\">Jungsch\u00fctzenschie\u00dfen & Bierprobe<\/a><\/h2><p class=\"location\" style=\"color: #000000; font-size: 100%; \" >Wo: Vereinshaus<\/p><p class=\"readmore\"><a href=\"https:\/\/www.sgmeschede-nord.de\/wpress\/event\/bierprobe\/\"><\/a><\/p><div style=\"clear:both\"><\/div><\/div><\/div>\r\n<div class=\"qem \"><div class=\"qem-icon\"><div class=\"qem-calendar-small\" style=\"margin:0 6px 6px 0;\"><span class=\"day\" >11<\/span><span class=\"nonday\" ><span class=\"month\">Juli<\/span><span class=\"year\">2026<\/span><\/span><\/div><\/div><div class=\"qem-small\"><h2 class=\"qem_title\"><a href=\"https:\/\/www.sgmeschede-nord.de\/wpress\/event\/schuetzenfest-meschede-nord-4\/\">Sch\u00fctzenfest Meschede-Nord<\/a><\/h2><p class=\"location\" style=\"color: #000000; font-size: 100%; \" >Wo: Vereinshaus <\/p><p class=\"readmore\"><a href=\"https:\/\/www.sgmeschede-nord.de\/wpress\/event\/schuetzenfest-meschede-nord-4\/\"><\/a><\/p><div style=\"clear:both\"><\/div><\/div><\/div>\r\n<div class=\"qem \"><div class=\"qem-icon\"><div class=\"qem-calendar-small\" style=\"margin:0 6px 6px 0;\"><span class=\"day\" >18<\/span><span class=\"nonday\" ><span class=\"month\">Juli<\/span><span class=\"year\">2026<\/span><\/span><\/div><\/div><div class=\"qem-small\"><h2 class=\"qem_title\"><a href=\"https:\/\/www.sgmeschede-nord.de\/wpress\/event\/manoeverkritik\/\">Man\u00f6verkritik<\/a><\/h2><p class=\"start\" style=\"color: #000000; font-size: 100%; \" >Wann: 19:30 Uhr<\/p><p class=\"readmore\"><a href=\"https:\/\/www.sgmeschede-nord.de\/wpress\/event\/manoeverkritik\/\"><\/a><\/p><div style=\"clear:both\"><\/div><\/div><\/div>\r\n<div class=\"qem \"><div class=\"qem-icon\"><div class=\"qem-calendar-small\" style=\"margin:0 6px 6px 0;\"><span class=\"day\" >31<\/span><span class=\"nonday\" ><span class=\"month\">Juli<\/span><span class=\"year\">2026<\/span><\/span><\/div><\/div><div class=\"qem-small\"><h2 class=\"qem_title\"><a href=\"https:\/\/www.sgmeschede-nord.de\/wpress\/event\/schuetzenfest-st-nikolaus-wennemen\/\">Sch\u00fctzenfest St. Nikolaus Wennemen<\/a><\/h2><p class=\"readmore\"><a href=\"https:\/\/www.sgmeschede-nord.de\/wpress\/event\/schuetzenfest-st-nikolaus-wennemen\/\"><\/a><\/p><div style=\"clear:both\"><\/div><\/div><\/div>\r\n<div class=\"qem \"><div class=\"qem-icon\"><div class=\"qem-calendar-small\" style=\"margin:0 6px 6px 0;\"><span class=\"day\" >29<\/span><span class=\"nonday\" ><span class=\"month\">Aug.<\/span><span class=\"year\">2026<\/span><\/span><\/div><\/div><div class=\"qem-small\"><h2 class=\"qem_title\"><a href=\"https:\/\/www.sgmeschede-nord.de\/wpress\/event\/kinderschuetzenfest-3\/\">Kindersch\u00fctzenfest<\/a><\/h2><p class=\"location\" style=\"color: #000000; font-size: 100%; \" >Wo: Vereinshaus<\/p><p class=\"readmore\"><a href=\"https:\/\/www.sgmeschede-nord.de\/wpress\/event\/kinderschuetzenfest-3\/\"><\/a><\/p><div style=\"clear:both\"><\/div><\/div><\/div>\r\n<div class=\"qem \"><div class=\"qem-icon\"><div class=\"qem-calendar-small\" style=\"margin:0 6px 6px 0;\"><span class=\"day\" >04<\/span><span class=\"nonday\" ><span class=\"month\">Sep.<\/span><span class=\"year\">2026<\/span><\/span><\/div><\/div><div class=\"qem-small\"><h2 class=\"qem_title\"><a href=\"https:\/\/www.sgmeschede-nord.de\/wpress\/event\/stadtschuetzenfest\/\">Kreissch\u00fctzenfest<\/a><\/h2><p class=\"location\" style=\"color: #000000; font-size: 100%; \" >Wo: Meschede (St. Georg)<\/p><p class=\"readmore\"><a href=\"https:\/\/www.sgmeschede-nord.de\/wpress\/event\/stadtschuetzenfest\/\"><\/a><\/p><div style=\"clear:both\"><\/div><\/div><\/div>\r\n<div class=\"qem \"><div class=\"qem-icon\"><div class=\"qem-calendar-small\" style=\"margin:0 6px 6px 0;\"><span class=\"day\" >15<\/span><span class=\"nonday\" ><span class=\"month\">Sep.<\/span><span class=\"year\">2026<\/span><\/span><\/div><\/div><div class=\"qem-small\"><h2 class=\"qem_title\"><a href=\"https:\/\/www.sgmeschede-nord.de\/wpress\/event\/vorstandssitzung-erw-gf-vorstand-10-2-2-2-2\/\">Vorstandssitzung, GF Vorstand<\/a><\/h2><p class=\"start\" style=\"color: #000000; font-size: 100%; \" >Wann: 20:00 Uhr<\/p><p class=\"location\" style=\"color: #000000; font-size: 100%; \" >Wo: Vereinshaus<\/p><p class=\"readmore\"><a href=\"https:\/\/www.sgmeschede-nord.de\/wpress\/event\/vorstandssitzung-erw-gf-vorstand-10-2-2-2-2\/\"><\/a><\/p><div style=\"clear:both\"><\/div><\/div><\/div>\r\n<div class=\"qem \"><div class=\"qem-icon\"><div class=\"qem-calendar-small\" style=\"margin:0 6px 6px 0;\"><span class=\"day\" >26<\/span><span class=\"nonday\" ><span class=\"month\">Sep.<\/span><span class=\"year\">2026<\/span><\/span><\/div><\/div><div class=\"qem-small\"><h2 class=\"qem_title\"><a href=\"https:\/\/www.sgmeschede-nord.de\/wpress\/event\/vorstandssitzung-kompl-vorstand-5-4\/\">Vorstandssitzung kompl. Vorstand<\/a><\/h2><p class=\"start\" style=\"color: #000000; font-size: 100%; \" >Wann: 19:30 Uhr<\/p><p class=\"readmore\"><a href=\"https:\/\/www.sgmeschede-nord.de\/wpress\/event\/vorstandssitzung-kompl-vorstand-5-4\/\"><\/a><\/p><div style=\"clear:both\"><\/div><\/div><\/div>\r\n<div class=\"qem \"><div class=\"qem-icon\"><div class=\"qem-calendar-small\" style=\"margin:0 6px 6px 0;\"><span class=\"day\" >09<\/span><span class=\"nonday\" ><span class=\"month\">Okt.<\/span><span class=\"year\">2026<\/span><\/span><\/div><\/div><div class=\"qem-small\"><h2 class=\"qem_title\"><a href=\"https:\/\/www.sgmeschede-nord.de\/wpress\/event\/oktoberfest\/\">Oktoberfest<\/a><\/h2><p class=\"location\" style=\"color: #000000; font-size: 100%; \" >Wo: Vereinshaus<\/p><p class=\"organisation\" style=\"color: #000000; font-size: 100%; \" >Zug 1<\/p><p class=\"readmore\"><a href=\"https:\/\/www.sgmeschede-nord.de\/wpress\/event\/oktoberfest\/\"><\/a><\/p><div style=\"clear:both\"><\/div><\/div><\/div>\r\n<div class=\"qem \"><div class=\"qem-icon\"><div class=\"qem-calendar-small\" style=\"margin:0 6px 6px 0;\"><span class=\"day\" >10<\/span><span class=\"nonday\" ><span class=\"month\">Okt.<\/span><span class=\"year\">2026<\/span><\/span><\/div><\/div><div class=\"qem-small\"><h2 class=\"qem_title\"><a href=\"https:\/\/www.sgmeschede-nord.de\/wpress\/event\/kartoffelbraten\/\">Zugfest<\/a><\/h2><p class=\"location\" style=\"color: #000000; font-size: 100%; \" >Wo: Pfadfinderheim<\/p><p class=\"organisation\" style=\"color: #000000; font-size: 100%; \" >Zug 3<\/p><p class=\"readmore\"><a href=\"https:\/\/www.sgmeschede-nord.de\/wpress\/event\/kartoffelbraten\/\"><\/a><\/p><div style=\"clear:both\"><\/div><\/div><\/div>\r\n<div class=\"qem \"><div class=\"qem-icon\"><div class=\"qem-calendar-small\" style=\"margin:0 6px 6px 0;\"><span class=\"day\" >24<\/span><span class=\"nonday\" ><span class=\"month\">Okt.<\/span><span class=\"year\">2026<\/span><\/span><\/div><\/div><div class=\"qem-small\"><h2 class=\"qem_title\"><a href=\"https:\/\/www.sgmeschede-nord.de\/wpress\/event\/zugversammlung-zug-2\/\">Zugversammlung Zug 2<\/a><\/h2><p class=\"location\" style=\"color: #000000; font-size: 100%; \" >Wo: Sportsch\u00fctzen<\/p><p class=\"readmore\"><a href=\"https:\/\/www.sgmeschede-nord.de\/wpress\/event\/zugversammlung-zug-2\/\"><\/a><\/p><div style=\"clear:both\"><\/div><\/div><\/div>\r\n<div class=\"qem \"><div class=\"qem-icon\"><div class=\"qem-calendar-small\" style=\"margin:0 6px 6px 0;\"><span class=\"day\" >31<\/span><span class=\"nonday\" ><span class=\"month\">Okt.<\/span><span class=\"year\">2026<\/span><\/span><\/div><\/div><div class=\"qem-small\"><h2 class=\"qem_title\"><a href=\"https:\/\/www.sgmeschede-nord.de\/wpress\/event\/tag-des-zuges\/\">Beerpong Turnier<\/a><\/h2><p class=\"organisation\" style=\"color: #000000; font-size: 100%; \" >Zug 2<\/p><p class=\"readmore\"><a href=\"https:\/\/www.sgmeschede-nord.de\/wpress\/event\/tag-des-zuges\/\"><\/a><\/p><div style=\"clear:both\"><\/div><\/div><\/div>\r\n<div class=\"qem \"><div class=\"qem-icon\"><div class=\"qem-calendar-small\" style=\"margin:0 6px 6px 0;\"><span class=\"day\" >09<\/span><span class=\"nonday\" ><span class=\"month\">Nov.<\/span><span class=\"year\">2026<\/span><\/span><\/div><\/div><div class=\"qem-small\"><h2 class=\"qem_title\"><a href=\"https:\/\/www.sgmeschede-nord.de\/wpress\/event\/st-martinszug\/\">St. Martinszug<\/a><\/h2><p class=\"start\" style=\"color: #000000; font-size: 100%; \" >Wann: 17:15 Uhr<\/p><p class=\"location\" style=\"color: #000000; font-size: 100%; \" >Wo: Treffpunkt Mariengrundschule<\/p><p class=\"readmore\"><a href=\"https:\/\/www.sgmeschede-nord.de\/wpress\/event\/st-martinszug\/\"><\/a><\/p><div style=\"clear:both\"><\/div><\/div><\/div>\r\n<div class=\"qem \"><div class=\"qem-icon\"><div class=\"qem-calendar-small\" style=\"margin:0 6px 6px 0;\"><span class=\"day\" >13<\/span><span class=\"nonday\" ><span class=\"month\">Nov.<\/span><span class=\"year\">2026<\/span><\/span><\/div><\/div><div class=\"qem-small\"><h2 class=\"qem_title\"><a href=\"https:\/\/www.sgmeschede-nord.de\/wpress\/event\/zugversammlung-zug-3\/\">Zugversammlung Zug 3<\/a><\/h2><p class=\"readmore\"><a href=\"https:\/\/www.sgmeschede-nord.de\/wpress\/event\/zugversammlung-zug-3\/\"><\/a><\/p><div style=\"clear:both\"><\/div><\/div><\/div>\r\n<div class=\"qem \"><div class=\"qem-icon\"><div class=\"qem-calendar-small\" style=\"margin:0 6px 6px 0;\"><span class=\"day\" >14<\/span><span class=\"nonday\" ><span class=\"month\">Nov.<\/span><span class=\"year\">2026<\/span><\/span><\/div><\/div><div class=\"qem-small\"><h2 class=\"qem_title\"><a href=\"https:\/\/www.sgmeschede-nord.de\/wpress\/event\/generalversammlung-jungschuetzen\/\">Generalversammlung Jungsch\u00fctzen<\/a><\/h2><p class=\"organisation\" style=\"color: #000000; font-size: 100%; \" >Jungsch\u00fctzen<\/p><p class=\"readmore\"><a href=\"https:\/\/www.sgmeschede-nord.de\/wpress\/event\/generalversammlung-jungschuetzen\/\"><\/a><\/p><div style=\"clear:both\"><\/div><\/div><\/div>\r\n<div class=\"qem \"><div class=\"qem-icon\"><div class=\"qem-calendar-small\" style=\"margin:0 6px 6px 0;\"><span class=\"day\" >15<\/span><span class=\"nonday\" ><span class=\"month\">Nov.<\/span><span class=\"year\">2026<\/span><\/span><\/div><\/div><div class=\"qem-small\"><h2 class=\"qem_title\"><a href=\"https:\/\/www.sgmeschede-nord.de\/wpress\/event\/volkstrauertag\/\">Volkstrauertag<\/a><\/h2><p class=\"start\" style=\"color: #000000; font-size: 100%; \" >Wann: 11:15 Uhr<\/p><p class=\"location\" style=\"color: #000000; font-size: 100%; \" >Wo: Stiftsplatz<\/p><p class=\"readmore\"><a href=\"https:\/\/www.sgmeschede-nord.de\/wpress\/event\/volkstrauertag\/\"><\/a><\/p><div style=\"clear:both\"><\/div><\/div><\/div>\r\n<div class=\"qem \"><div class=\"qem-icon\"><div class=\"qem-calendar-small\" style=\"margin:0 6px 6px 0;\"><span class=\"day\" >21<\/span><span class=\"nonday\" ><span class=\"month\">Nov.<\/span><span class=\"year\">2026<\/span><\/span><\/div><\/div><div class=\"qem-small\"><h2 class=\"qem_title\"><a href=\"https:\/\/www.sgmeschede-nord.de\/wpress\/event\/zugversammlung-zug-1\/\">Zugversammlung Zug 1<\/a><\/h2><p class=\"start\" style=\"color: #000000; font-size: 100%; \" >Wann: 19:30 Uhr<\/p><p class=\"location\" style=\"color: #000000; font-size: 100%; \" >Wo: Sportsch\u00fctzen<\/p><p class=\"readmore\"><a href=\"https:\/\/www.sgmeschede-nord.de\/wpress\/event\/zugversammlung-zug-1\/\"><\/a><\/p><div style=\"clear:both\"><\/div><\/div><\/div>\r\n<div class=\"qem \"><div class=\"qem-icon\"><div class=\"qem-calendar-small\" style=\"margin:0 6px 6px 0;\"><span class=\"day\" >28<\/span><span class=\"nonday\" ><span class=\"month\">Nov.<\/span><span class=\"year\">2026<\/span><\/span><\/div><\/div><div class=\"qem-small\"><h2 class=\"qem_title\"><a href=\"https:\/\/www.sgmeschede-nord.de\/wpress\/event\/stadtvorstaendetreffen\/\">Stadtvorst\u00e4ndetreffen<\/a><\/h2><p class=\"location\" style=\"color: #000000; font-size: 100%; \" >Wo: Calle<\/p><p class=\"readmore\"><a href=\"https:\/\/www.sgmeschede-nord.de\/wpress\/event\/stadtvorstaendetreffen\/\"><\/a><\/p><div style=\"clear:both\"><\/div><\/div><\/div>\r\n<div class=\"qem \"><div class=\"qem-icon\"><div class=\"qem-calendar-small\" style=\"margin:0 6px 6px 0;\"><span class=\"day\" >01<\/span><span class=\"nonday\" ><span class=\"month\">Dez.<\/span><span class=\"year\">2026<\/span><\/span><\/div><\/div><div class=\"qem-small\"><h2 class=\"qem_title\"><a href=\"https:\/\/www.sgmeschede-nord.de\/wpress\/event\/vorstandssitzung-erw-gf-vorstand-10-2-2-2\/\">Vorstandssitzung, erw. GF Vorstand<\/a><\/h2><p class=\"start\" style=\"color: #000000; font-size: 100%; \" >Wann: 20:00 Uhr<\/p><p class=\"location\" style=\"color: #000000; font-size: 100%; \" >Wo: Vereinshaus<\/p><p class=\"readmore\"><a href=\"https:\/\/www.sgmeschede-nord.de\/wpress\/event\/vorstandssitzung-erw-gf-vorstand-10-2-2-2\/\"><\/a><\/p><div style=\"clear:both\"><\/div><\/div><\/div>\r\n<div class=\"qem \"><div class=\"qem-icon\"><div class=\"qem-calendar-small\" style=\"margin:0 6px 6px 0;\"><span class=\"day\" >05<\/span><span class=\"nonday\" ><span class=\"month\">Dez.<\/span><span class=\"year\">2026<\/span><\/span><\/div><\/div><div class=\"qem-small\"><h2 class=\"qem_title\"><a href=\"https:\/\/www.sgmeschede-nord.de\/wpress\/event\/weihnachtsmarkt\/\">Weihnachtsmarkt<\/a><\/h2><p class=\"location\" style=\"color: #000000; font-size: 100%; \" >Wo: Vereinshaus<\/p><p class=\"organisation\" style=\"color: #000000; font-size: 100%; \" >Zug 3<\/p><p class=\"readmore\"><a href=\"https:\/\/www.sgmeschede-nord.de\/wpress\/event\/weihnachtsmarkt\/\"><\/a><\/p><div style=\"clear:both\"><\/div><\/div><\/div>\r\n<div class=\"qem \"><div class=\"qem-icon\"><div class=\"qem-calendar-small\" style=\"margin:0 6px 6px 0;\"><span class=\"day\" >06<\/span><span class=\"nonday\" ><span class=\"month\">Dez.<\/span><span class=\"year\">2026<\/span><\/span><\/div><\/div><div class=\"qem-small\"><h2 class=\"qem_title\"><a href=\"https:\/\/www.sgmeschede-nord.de\/wpress\/event\/nikolaus-is-coming-home\/\">Nikolaus is coming Home<\/a><\/h2><p class=\"organisation\" style=\"color: #000000; font-size: 100%; \" >Zug 2<\/p><p class=\"readmore\"><a href=\"https:\/\/www.sgmeschede-nord.de\/wpress\/event\/nikolaus-is-coming-home\/\"><\/a><\/p><div style=\"clear:both\"><\/div><\/div><\/div>\r\n<div class=\"qem \"><div class=\"qem-icon\"><div class=\"qem-calendar-small\" style=\"margin:0 6px 6px 0;\"><span class=\"day\" >12<\/span><span class=\"nonday\" ><span class=\"month\">Dez.<\/span><span class=\"year\">2026<\/span><\/span><\/div><\/div><div class=\"qem-small\"><h2 class=\"qem_title\"><a href=\"https:\/\/www.sgmeschede-nord.de\/wpress\/event\/weihnachtsfeier-sportschuetzen\/\">Weihnachtsfeier Sportsch\u00fctzen<\/a><\/h2><p class=\"readmore\"><a href=\"https:\/\/www.sgmeschede-nord.de\/wpress\/event\/weihnachtsfeier-sportschuetzen\/\"><\/a><\/p><div style=\"clear:both\"><\/div><\/div><\/div>\r\n<div class=\"qem \"><div class=\"qem-icon\"><div class=\"qem-calendar-small\" style=\"margin:0 6px 6px 0;\"><span class=\"day\" >12<\/span><span class=\"nonday\" ><span class=\"month\">Dez.<\/span><span class=\"year\">2026<\/span><\/span><\/div><\/div><div class=\"qem-small\"><h2 class=\"qem_title\"><a href=\"https:\/\/www.sgmeschede-nord.de\/wpress\/event\/vorstandssitzung-kompl-vorstand-5-5\/\">Vorstandssitzung kompl. Vorstand & Weihnachtsfeier<\/a><\/h2><p class=\"start\" style=\"color: #000000; font-size: 100%; \" >Wann: 19:30 Uhr<\/p><p class=\"location\" style=\"color: #000000; font-size: 100%; \" >Wo: Vereinshaus<\/p><p class=\"readmore\"><a href=\"https:\/\/www.sgmeschede-nord.de\/wpress\/event\/vorstandssitzung-kompl-vorstand-5-5\/\"><\/a><\/p><div style=\"clear:both\"><\/div><\/div><\/div>\r\n<div class=\"qem \"><div class=\"qem-icon\"><div class=\"qem-calendar-small\" style=\"margin:0 6px 6px 0;\"><span class=\"day\" >19<\/span><span class=\"nonday\" ><span class=\"month\">Dez.<\/span><span class=\"year\">2026<\/span><\/span><\/div><\/div><div class=\"qem-small\"><h2 class=\"qem_title\"><a href=\"https:\/\/www.sgmeschede-nord.de\/wpress\/event\/weihnachtsfeier-jungschuetzen\/\">Weihnachtsfeier Jungsch\u00fctzen<\/a><\/h2><p class=\"readmore\"><a href=\"https:\/\/www.sgmeschede-nord.de\/wpress\/event\/weihnachtsfeier-jungschuetzen\/\"><\/a><\/p><div style=\"clear:both\"><\/div><\/div><\/div>\r\n<\/div><\/div><\/div><\/div><\/div>","protected":false},"excerpt":{"rendered":"<p>Termine01Mai2026MaiwanderungZug 1 03Mai2026Vorstandsfoto 09Mai2026Frauenvogelschie\u00dfenWo: Vereinshaus 13Mai2026Sch\u00fctzenfest Heinrichstal Wehrstapel 14Mai2026FamilienwandertagZug 2 03Juni2026Sch\u00fctzenfest St. Johannes Eversberg 05Juni2026Sch\u00fctzenfest St. Georg Meschede 13Juni2026Saisonabschluss Sportsch\u00fctzenWo: Schie\u00dfstand VereinshausSportsch\u00fctzen 16Juni2026Vorstandssitzung, erw GF VorstandWann: 20:00 UhrWo: Vereinshaus 26Juni2026Vorstandssitzung kompl. VorstandWann: 20:00 Uhr 10Juli2026Jungsch\u00fctzenschie\u00dfen &#038; BierprobeWo: Vereinshaus 11Juli2026Sch\u00fctzenfest Meschede-NordWo: Vereinshaus 18Juli2026Man\u00f6verkritikWann: 19:30 Uhr 31Juli2026Sch\u00fctzenfest St. Nikolaus Wennemen 29Aug.2026Kindersch\u00fctzenfestWo: Vereinshaus 04Sep.2026Kreissch\u00fctzenfestWo: Meschede (St. Georg) 15Sep.2026Vorstandssitzung, GF VorstandWann: 20:00 UhrWo: Vereinshaus [&#8230;]<\/p>\n","protected":false},"author":1,"featured_media":0,"parent":0,"menu_order":0,"comment_status":"closed","ping_status":"closed","template":"","meta":{"pgc_sgb_lightbox_settings":"","footnotes":""},"class_list":["post-8145","page","type-page","status-publish","hentry"],"_links":{"self":[{"href":"https:\/\/www.sgmeschede-nord.de\/wpress\/wp-json\/wp\/v2\/pages\/8145","targetHints":{"allow":["GET"]}}],"collection":[{"href":"https:\/\/www.sgmeschede-nord.de\/wpress\/wp-json\/wp\/v2\/pages"}],"about":[{"href":"https:\/\/www.sgmeschede-nord.de\/wpress\/wp-json\/wp\/v2\/types\/page"}],"author":[{"embeddable":true,"href":"https:\/\/www.sgmeschede-nord.de\/wpress\/wp-json\/wp\/v2\/users\/1"}],"replies":[{"embeddable":true,"href":"https:\/\/www.sgmeschede-nord.de\/wpress\/wp-json\/wp\/v2\/comments?post=8145"}],"version-history":[{"count":12,"href":"https:\/\/www.sgmeschede-nord.de\/wpress\/wp-json\/wp\/v2\/pages\/8145\/revisions"}],"predecessor-version":[{"id":8147,"href":"https:\/\/www.sgmeschede-nord.de\/wpress\/wp-json\/wp\/v2\/pages\/8145\/revisions\/8147"}],"wp:attachment":[{"href":"https:\/\/www.sgmeschede-nord.de\/wpress\/wp-json\/wp\/v2\/media?parent=8145"}],"curies":[{"name":"wp","href":"https:\/\/api.w.org\/{rel}","templated":true}]}}