{"id":996,"date":"2013-06-21T11:22:43","date_gmt":"2013-06-21T09:22:43","guid":{"rendered":"http:\/\/www.sgmeschede-nord.de\/wpress\/?page_id=996"},"modified":"2020-04-16T14:23:20","modified_gmt":"2020-04-16T12:23:20","slug":"schutzenfest-2013","status":"publish","type":"page","link":"https:\/\/www.sgmeschede-nord.de\/wpress\/fotos-2\/2013-2\/schutzenfest-2013\/","title":{"rendered":"Sch\u00fctzenfest"},"content":{"rendered":"<h2><span style=\"color: #0f3f74;\"><strong>Fotos Sch\u00fctzenfest 13.-15. Juli 2013<\/strong><\/span><\/h2>\n<p><a href=\"http:\/\/www.sgmeschede-nord.de\/wpress\/?bws-gallery=schuetzenfest-meschede-nord-13-15-juli-2013\">&gt;&gt; FOTOS ANSEHEN<\/a><\/p>\n<hr align=\"left\" noshade=\"noshade\" size=\"5\" width=\"300\" \/>\n<h2><span style=\"color: #0f3f74;\"><strong>+++ Live- Ticker +++<\/strong><\/span><\/h2>\n<h4><span style=\"color: #0f3f74;\"><strong>Montag 15. Juli 2013<\/strong><\/span><\/h4>\n<p><strong>14:38<\/strong> Neuer Vizek\u00f6nig: Phillipp K\u00e4mmerling<br \/>\n<a href=\"http:\/\/www.sgmeschede-nord.de\/wpress\/wp-content\/uploads\/2013\/07\/20130715-144043.jpg\"><img decoding=\"async\" class=\"alignnone size-full\" src=\"http:\/\/www.sgmeschede-nord.de\/wpress\/wp-content\/uploads\/2013\/07\/20130715-144043.jpg\" alt=\"20130715-144043.jpg\" \/><\/a><\/p>\n<p><strong>13:58<\/strong> Neuer Sch\u00fctzenk\u00f6nig: Peter Schm\u00fclling.<br \/>\n<a href=\"http:\/\/www.sgmeschede-nord.de\/wpress\/wp-content\/uploads\/2013\/07\/20130715-140757.jpg\"><img decoding=\"async\" class=\"alignnone size-full\" src=\"http:\/\/www.sgmeschede-nord.de\/wpress\/wp-content\/uploads\/2013\/07\/20130715-140757.jpg\" alt=\"20130715-140757.jpg\" \/><\/a><\/p>\n<p><strong>11:01<\/strong> Neuer Jungsch\u00fctzenk\u00f6nig: Nils Pauloweit<br \/>\n<a href=\"http:\/\/www.sgmeschede-nord.de\/wpress\/wp-content\/uploads\/2013\/07\/20130715-110212.jpg\"><img decoding=\"async\" class=\"alignnone size-full\" src=\"http:\/\/www.sgmeschede-nord.de\/wpress\/wp-content\/uploads\/2013\/07\/20130715-110212.jpg\" alt=\"20130715-110212.jpg\" \/><\/a><\/p>\n<p><strong>09:36<\/strong> Auf geht&#8217;s zum Vogelschiessen.<\/p>\n<h4><span style=\"color: #0f3f74;\"><strong>Sonntag 14. Juli 2013<\/strong><\/span><\/h4>\n<p><strong>14:26<\/strong> Der K\u00f6nig wartet &#8230;<br \/>\n<a href=\"http:\/\/www.sgmeschede-nord.de\/wpress\/wp-content\/uploads\/2013\/07\/20130714-142723.jpg\"><img decoding=\"async\" class=\"alignnone size-full\" src=\"http:\/\/www.sgmeschede-nord.de\/wpress\/wp-content\/uploads\/2013\/07\/20130714-142723.jpg\" alt=\"20130714-142723.jpg\" \/><\/a><\/p>\n<p><strong>11:39<\/strong> Fr\u00fbhschoppen und Ehrungen.<br \/>\n<a href=\"http:\/\/www.sgmeschede-nord.de\/wpress\/wp-content\/uploads\/2013\/07\/20130714-112321.jpg\"><img decoding=\"async\" class=\"alignnone size-full\" src=\"http:\/\/www.sgmeschede-nord.de\/wpress\/wp-content\/uploads\/2013\/07\/20130714-112321.jpg\" alt=\"20130714-112321.jpg\" \/><\/a><\/p>\n<h4><span style=\"color: #0f3f74;\"><strong>Samstag 13. Juli 2013<\/strong><\/span><\/h4>\n<p><strong>22:39<\/strong> So feiert man in Meschede-Nord!<br \/>\n<a href=\"http:\/\/www.sgmeschede-nord.de\/wpress\/wp-content\/uploads\/2013\/07\/20130713-224030.jpg\"><img decoding=\"async\" class=\"alignnone size-full\" src=\"http:\/\/www.sgmeschede-nord.de\/wpress\/wp-content\/uploads\/2013\/07\/20130713-224030.jpg\" alt=\"20130713-224030.jpg\" \/><\/a><\/p>\n<p><strong>18:46<\/strong> Es kann losgehen, der Vogel h\u00e4ngt.<br \/>\n<a href=\"http:\/\/www.sgmeschede-nord.de\/wpress\/wp-content\/uploads\/2013\/07\/20130713-184930.jpg\"><img decoding=\"async\" class=\"alignnone size-full\" src=\"http:\/\/www.sgmeschede-nord.de\/wpress\/wp-content\/uploads\/2013\/07\/20130713-184930.jpg\" alt=\"20130713-184930.jpg\" \/><\/a><\/p>\n<p><strong>14:39<\/strong> Auf geht&#8217;s zu den Konzerten und Sch\u00fctzenmesse.<br \/>\n<a href=\"http:\/\/www.sgmeschede-nord.de\/wpress\/wp-content\/uploads\/2013\/07\/20130713-143749.jpg\"><img decoding=\"async\" class=\"alignnone size-full\" src=\"http:\/\/www.sgmeschede-nord.de\/wpress\/wp-content\/uploads\/2013\/07\/20130713-143749.jpg\" alt=\"20130713-143749.jpg\" \/><\/a><\/p>\n<p><strong>11:09<\/strong> Die ersten Fotos der Vorfeier sind online!<\/p>\n<h4><span style=\"color: #0f3f74;\"><strong>Freitag 12. Juli 2013<\/strong><\/span><\/h4>\n<p><strong>22:28<\/strong> Die eXfriends rocken die Vorfeier!<br \/>\n<a href=\"http:\/\/www.sgmeschede-nord.de\/wpress\/wp-content\/uploads\/2013\/07\/20130712-223002.jpg\"><img decoding=\"async\" class=\"alignnone size-full\" src=\"http:\/\/www.sgmeschede-nord.de\/wpress\/wp-content\/uploads\/2013\/07\/20130712-223002.jpg\" alt=\"20130712-223002.jpg\" \/><\/a><\/p>\n<p><strong>17:39<\/strong> Macht Euch auf was gefasst, die eXfriends spielen sich schon mal ein &#8230;.<br \/>\n<a href=\"http:\/\/www.sgmeschede-nord.de\/wpress\/wp-content\/uploads\/2013\/07\/20130712-174139.jpg\"><img decoding=\"async\" class=\"alignnone size-full\" src=\"http:\/\/www.sgmeschede-nord.de\/wpress\/wp-content\/uploads\/2013\/07\/20130712-174139.jpg\" alt=\"20130712-174139.jpg\" \/><\/a><\/p>\n<h4><span style=\"color: #0f3f74;\"><strong>Donnerstag 11. Juli 2013<\/strong><\/span><\/h4>\n<p><strong>21:02<\/strong> Die &#8222;Beschilderung&#8220; ist angebracht und das K\u00f6nigshaus aufgeh\u00fcbscht.<br \/>\n<a href=\"http:\/\/www.sgmeschede-nord.de\/wpress\/wp-content\/uploads\/2013\/07\/20130712-104700.jpg\"><img decoding=\"async\" class=\"alignnone size-full\" src=\"http:\/\/www.sgmeschede-nord.de\/wpress\/wp-content\/uploads\/2013\/07\/20130712-104700.jpg\" alt=\"20130712-104700.jpg\" \/><\/a><\/p>\n<p><strong>19:20<\/strong> Die Vorbereitungen laufen auf Hochtouren, Fahnen werden aufgestellt und die Hofstaatsdamen beginnen mit dem Kr\u00e4nzen!<\/p>\n<hr align=\"left\" noshade=\"noshade\" size=\"5\" width=\"300\" \/>\n<h3><span style=\"color: #0f3f74;\"><strong>Nordwind 2013<\/strong><\/span><\/h3>\n<table>\n<tbody>\n<tr>\n<td width=\"50\"><img loading=\"lazy\" decoding=\"async\" class=\"alignleft size-full wp-image-1020\" src=\"http:\/\/www.sgmeschede-nord.de\/wpress\/wp-content\/uploads\/2013\/02\/e-brochure.png\" alt=\"e-brochure\" width=\"40\" height=\"40\" \/><\/td>\n<td><strong><a href=\"http:\/\/www.sgmeschede-nord.de\/Nordwind\/nordwind2013\/Default.html\" target=\"_blank\" rel=\"noopener noreferrer\">Online Version<\/a><\/strong><\/td>\n<\/tr>\n<\/tbody>\n<\/table>\n<table>\n<tbody>\n<tr>\n<td width=\"50\"><img loading=\"lazy\" decoding=\"async\" class=\"alignleft size-full wp-image-1018\" src=\"http:\/\/www.sgmeschede-nord.de\/wpress\/wp-content\/uploads\/2013\/02\/brochure.png\" alt=\"brochure\" width=\"40\" height=\"41\" \/><\/td>\n<td><strong><a href=\"http:\/\/www.sgmeschede-nord.de\/Nordwind\/Nordwind2013-FINAL-web.pdf\" target=\"_blank\" rel=\"noopener noreferrer\">Download (PDF ~13MB)<\/a><\/strong><\/td>\n<\/tr>\n<\/tbody>\n<\/table>\n<hr align=\"left\" noshade=\"noshade\" size=\"5\" width=\"300\" \/>\n<h3><span style=\"color: #0f3f74;\"><strong>Festfolge<\/strong><\/span><\/h3>\n<h4><span style=\"color: #0f3f74;\"><strong>Freitag 12. Juli 2013<\/strong><\/span><\/h4>\n<p><strong>Ab 19:30 Uhr<\/strong> &#8222;Bierprobe&#8220; mit Auftritt der eXfriends<\/p>\n<h4><span style=\"color: #0f3f74;\"><strong>Samstag 13. Juli 2013<\/strong><\/span><\/h4>\n<p><strong>14.15 Uhr<\/strong> Abholung K\u00f6nig und Vizek\u00f6nig, Konzerte am Blindenheim und Bernhard-Salzmann-Haus<br \/>\n<strong>16.15 Uhr<\/strong> Antreten an der Halle Sauerland, Abmarsch zur Sch\u00fctzenmesse in der Abtei K\u00f6nigsm\u00fcnster, Anschlie\u00dfend Abmarsch zum Vogelaufsetzen am Vereinshaus<br \/>\n<strong>20.00 Uhr<\/strong> Konzert und Ansprachen &#8211; Anschlie\u00dfend Tanz bis 2.00 Uhr<\/p>\n<h4><span style=\"color: #0f3f74;\"><strong>Sonntag 14. Juli 2013<\/strong><\/span><\/h4>\n<p><strong>10.00 Uhr<\/strong> Fr\u00fchschoppen mit Unterhaltungsmusik, Ehrung der Jubilare<br \/>\n<strong>14.00 Uhr<\/strong> Antreten der Z\u00fcge (Zug I: Gastst\u00e4tte M\u00fcller \/ Zug II: Gastst\u00e4tte zum Pulverturm \/ Zug III: Halle Sauerland)<br \/>\n<strong>15.30 Uhr<\/strong> Abholen des K\u00f6nigspaares <em>(Marschweg: Sammelplatz Sophienweg &#8211; Lagerstra\u00dfe &#8211; Hardtstra\u00dfe &#8211; Abholen des K\u00f6nigspaares mit Vizek\u00f6nig &#8211; Lagerstra\u00dfe, Weingasse &#8211; An Klocken Kapelle &#8211; Pulverturmstra\u00dfe &#8211; Gebkestra\u00dfe &#8211; Lagerstra\u00dfe &#8211; Vorbeimarsch Sparkasse &#8211; Waldstra\u00dfe &#8211; Von-Westphalen-Stra\u00dfe &#8211; Festzelt)<\/em><br \/>\n<strong>18.00 Uhr<\/strong> Kinderbelustigung<br \/>\n<strong>20.45 Uhr<\/strong> K\u00f6nigstanz &#8211; Anschlie\u00dfend Tanz bis 1.00 Uhr<\/p>\n<h4><span style=\"color: #0f3f74;\"><strong>Montag 15. Juli 2013<\/strong><\/span><\/h4>\n<p><strong>09.30 Uhr<\/strong> Abmarsch zur Vogelstange (Halle Sauerland)<br \/>\n<strong>10.00 Uhr<\/strong> Beginn des Vogelschie\u00dfens, Anschlie\u00dfend Zapfenstreich, Proklamation der neuen K\u00f6nige und Verabschiedung des amtierenden K\u00f6nigs, Vizek\u00f6nigs und Jungsch\u00fctzenk\u00f6nigs<br \/>\n<strong>16.45 Uhr<\/strong> Antreten vor dem Festzelt, Abholen des neuen K\u00f6nigspaares<br \/>\n<strong>20.45 Uhr<\/strong> K\u00f6nigstanz &#8211; Anschlie\u00dfend Tanz bis 1.00 Uhr<\/p>\n","protected":false},"excerpt":{"rendered":"<p>Fotos Sch\u00fctzenfest 13.-15. Juli 2013 &gt;&gt; FOTOS ANSEHEN +++ Live- Ticker +++ Montag 15. Juli 2013 14:38 Neuer Vizek\u00f6nig: Phillipp K\u00e4mmerling 13:58 Neuer Sch\u00fctzenk\u00f6nig: Peter Schm\u00fclling. 11:01 Neuer Jungsch\u00fctzenk\u00f6nig: Nils Pauloweit 09:36 Auf geht&#8217;s zum Vogelschiessen. Sonntag 14. Juli 2013 14:26 Der K\u00f6nig wartet &#8230; 11:39 Fr\u00fbhschoppen und Ehrungen. Samstag 13. Juli 2013 22:39 So feiert man in Meschede-Nord! 18:46 [&#8230;]<\/p>\n","protected":false},"author":1,"featured_media":0,"parent":90,"menu_order":8,"comment_status":"closed","ping_status":"closed","template":"template-fullwidth.php","meta":{"pgc_sgb_lightbox_settings":"","footnotes":""},"class_list":["post-996","page","type-page","status-publish","hentry"],"_links":{"self":[{"href":"https:\/\/www.sgmeschede-nord.de\/wpress\/wp-json\/wp\/v2\/pages\/996","targetHints":{"allow":["GET"]}}],"collection":[{"href":"https:\/\/www.sgmeschede-nord.de\/wpress\/wp-json\/wp\/v2\/pages"}],"about":[{"href":"https:\/\/www.sgmeschede-nord.de\/wpress\/wp-json\/wp\/v2\/types\/page"}],"author":[{"embeddable":true,"href":"https:\/\/www.sgmeschede-nord.de\/wpress\/wp-json\/wp\/v2\/users\/1"}],"replies":[{"embeddable":true,"href":"https:\/\/www.sgmeschede-nord.de\/wpress\/wp-json\/wp\/v2\/comments?post=996"}],"version-history":[{"count":93,"href":"https:\/\/www.sgmeschede-nord.de\/wpress\/wp-json\/wp\/v2\/pages\/996\/revisions"}],"predecessor-version":[{"id":7504,"href":"https:\/\/www.sgmeschede-nord.de\/wpress\/wp-json\/wp\/v2\/pages\/996\/revisions\/7504"}],"up":[{"embeddable":true,"href":"https:\/\/www.sgmeschede-nord.de\/wpress\/wp-json\/wp\/v2\/pages\/90"}],"wp:attachment":[{"href":"https:\/\/www.sgmeschede-nord.de\/wpress\/wp-json\/wp\/v2\/media?parent=996"}],"curies":[{"name":"wp","href":"https:\/\/api.w.org\/{rel}","templated":true}]}}